{"id":13549,"date":"2014-02-03T16:04:40","date_gmt":"2014-02-03T15:04:40","guid":{"rendered":"http:\/\/www.serbia.com\/?post_type=tribe_events&#038;p=13549"},"modified":"2014-02-03T16:11:00","modified_gmt":"2014-02-03T15:11:00","slug":"izlozba-dunavski-alasi","status":"publish","type":"tribe_events","link":"https:\/\/serbia.com\/srpski\/event\/izlozba-dunavski-alasi\/","title":{"rendered":"Izlo\u017eba \u201eDunavski alasi\u201c"},"content":{"rendered":"<h2>Izlo\u017eba \u201eDunavski alasi\u201c bi\u0107e otvorena u Istorijskom muzeju Srbije od 4. februara do 15. marta i predstavi\u0107e razvoj ribarstva u Beogradu ali i na \u0161irem podru\u010dju Dunava kroz vi\u0161e od 200 predmeta.<\/h2>\n<p>Autorka izlo\u017ebe je dr Du\u0161ice Boji\u0107 koja \u0107e tokom trajanja izlo\u017ebe svake srede od 15 \u010dasova zainteresovane posetioce stu\u010dno voditi kroz postavku.<\/p>\n<p>&nbsp;<\/p>\n<figure id=\"attachment_13551\" aria-describedby=\"caption-attachment-13551\" style=\"width: 640px\" class=\"wp-caption aligncenter\"><a href=\"http:\/\/www.serbia.com\/wp-content\/uploads\/2014\/02\/Ulov-i-merenje-ribe-snimak-pred-I-sv.-rat2.jpg\"><img loading=\"lazy\" decoding=\"async\" class=\"size-full wp-image-13551 \" alt=\"Ulov i merenje ribe, snimak pred I sv. rat\" src=\"http:\/\/www.serbia.com\/wp-content\/uploads\/2014\/02\/Ulov-i-merenje-ribe-snimak-pred-I-sv.-rat2.jpg\" width=\"640\" height=\"398\" srcset=\"https:\/\/serbia.com\/wp-content\/uploads\/2014\/02\/Ulov-i-merenje-ribe-snimak-pred-I-sv.-rat2.jpg 640w, https:\/\/serbia.com\/wp-content\/uploads\/2014\/02\/Ulov-i-merenje-ribe-snimak-pred-I-sv.-rat2-300x186.jpg 300w\" sizes=\"auto, (max-width: 640px) 100vw, 640px\" \/><\/a><figcaption id=\"caption-attachment-13551\" class=\"wp-caption-text\">Ulov i merenje ribe. Snimljeno neposredno pred Prvi svetski rat.<\/figcaption><\/figure>\n<p>Posetioci \u0107e imati priliku da se upoznaju sa razvojem ribarstva u Beogradu ali i na \u0161irem podru\u010dju Dunava kroz vi\u0161e od 200 predmeta, koji obuhvataju arhivsku gra\u0111u, likovna dela( \u0110or\u0111e Krsti\u0107, Bora Baruh i dr. ), fotografije i alaski pribor (harpuni, udice, \u010duvarke za ribu, plovila, razli\u010dite vrste mre\u017ea i druga oprema ) kori\u0161\u0107en tokom vekova od perioda Neolita do dana\u0161njih dana.<\/p>\n<figure id=\"attachment_13553\" aria-describedby=\"caption-attachment-13553\" style=\"width: 640px\" class=\"wp-caption aligncenter\"><a href=\"http:\/\/www.serbia.com\/wp-content\/uploads\/2014\/02\/Dorcol-1895-snimak-Milana-Jovanovica.jpg\"><img loading=\"lazy\" decoding=\"async\" class=\"size-full wp-image-13553 \" alt=\"Dorcol 1895, snimak Milana Jovanovica\" src=\"http:\/\/www.serbia.com\/wp-content\/uploads\/2014\/02\/Dorcol-1895-snimak-Milana-Jovanovica.jpg\" width=\"640\" height=\"451\" srcset=\"https:\/\/serbia.com\/wp-content\/uploads\/2014\/02\/Dorcol-1895-snimak-Milana-Jovanovica.jpg 640w, https:\/\/serbia.com\/wp-content\/uploads\/2014\/02\/Dorcol-1895-snimak-Milana-Jovanovica-300x211.jpg 300w\" sizes=\"auto, (max-width: 640px) 100vw, 640px\" \/><\/a><figcaption id=\"caption-attachment-13553\" class=\"wp-caption-text\">Dor\u0107ol, 1895. godine<br \/>Foto: Milan Jovanovi\u0107<\/figcaption><\/figure>\n<p>Prezentovani materijal predstavlja va\u017ean kulturno- istorijski izvor za rekonstrukciju razvoja ribarstva na ovom podru\u010dju, ali i svakodnevnog \u017eivota na Dor\u0107olu, starom delu Beograda od sredine 19. veka do sredine 20. veka.<\/p>\n<p>Postavku \u201eDunavski alasi\u201c \u010dine dve celine. Prva celina opisuje svakodnevni alaski \u017eivot na Dunavu kroz raznovrsnu opremu koju su ribari koristili, dok je drugi deo posve\u0107en porodici Bogdanovi\u0107, njihovom \u017eivotu na Dor\u0107olu, statusu u dru\u0161tvu i porodi\u010dnom negovanju alaske tradicije.<\/p>\n<p>&nbsp;<\/p>\n","protected":false},"excerpt":{"rendered":"<p>Izlo\u017eba \u201eDunavski alasi\u201c bi\u0107e otvorena u Istorijskom muzeju Srbije od 4. februara do 15. marta i predstavi\u0107e razvoj ribarstva u Beogradu ali i na \u0161irem podru\u010dju Dunava kroz vi\u0161e od [&hellip;]<\/p>\n","protected":false},"author":9,"featured_media":13550,"template":"","meta":{"_acf_changed":false,"inline_featured_image":false,"_monsterinsights_skip_tracking":false,"_monsterinsights_sitenote_active":false,"_monsterinsights_sitenote_note":"","_monsterinsights_sitenote_category":0,"_tribe_events_status":"","_tribe_events_status_reason":"","footnotes":""},"tags":[],"tribe_events_cat":[],"class_list":["post-13549","tribe_events","type-tribe_events","status-publish","has-post-thumbnail","hentry"],"acf":[],"yoast_head":"<!-- This site is optimized with the Yoast SEO plugin v27.4 - https:\/\/yoast.com\/product\/yoast-seo-wordpress\/ -->\n<title>Izlo\u017eba \u201eDunavski alasi\u201c - Serbia.com<\/title>\n<meta name=\"description\" content=\"Izlo\u017eba \u201eDunavski alasi\u201c bi\u0107e otvorena u Istorijskom muzeju Srbije od 4. februara do 15. marta i predstavi\u0107e razvoj ribarstva u Beogradu ali i na \u0161irem podru\u010dju Dunava kroz vi\u0161e od 200 predmeta.\" \/>\n<meta name=\"robots\" content=\"index, follow, max-snippet:-1, max-image-preview:large, max-video-preview:-1\" \/>\n<link rel=\"canonical\" href=\"https:\/\/serbia.com\/srpski\/event\/izlozba-dunavski-alasi\/\" \/>\n<meta property=\"og:locale\" content=\"en_US\" \/>\n<meta property=\"og:type\" content=\"article\" \/>\n<meta property=\"og:title\" content=\"Izlo\u017eba \u201eDunavski alasi\u201c - Serbia.com\" \/>\n<meta property=\"og:description\" content=\"Izlo\u017eba \u201eDunavski alasi\u201c bi\u0107e otvorena u Istorijskom muzeju Srbije od 4. februara do 15. marta i predstavi\u0107e razvoj ribarstva u Beogradu ali i na \u0161irem podru\u010dju Dunava kroz vi\u0161e od 200 predmeta.\" \/>\n<meta property=\"og:url\" content=\"https:\/\/serbia.com\/srpski\/event\/izlozba-dunavski-alasi\/\" \/>\n<meta property=\"og:site_name\" content=\"Serbia.com\" \/>\n<meta property=\"article:modified_time\" content=\"2014-02-03T15:11:00+00:00\" \/>\n<meta property=\"og:image\" content=\"https:\/\/serbia.com\/wp-content\/uploads\/2014\/02\/feature1.jpg\" \/>\n\t<meta property=\"og:image:width\" content=\"448\" \/>\n\t<meta property=\"og:image:height\" content=\"333\" \/>\n\t<meta property=\"og:image:type\" content=\"image\/jpeg\" \/>\n<meta name=\"twitter:label1\" content=\"Est. reading time\" \/>\n\t<meta name=\"twitter:data1\" content=\"1 minute\" \/>\n<script type=\"application\/ld+json\" class=\"yoast-schema-graph\">{\"@context\":\"https:\\\/\\\/schema.org\",\"@graph\":[{\"@type\":\"WebPage\",\"@id\":\"https:\\\/\\\/serbia.com\\\/srpski\\\/event\\\/izlozba-dunavski-alasi\\\/\",\"url\":\"https:\\\/\\\/serbia.com\\\/srpski\\\/event\\\/izlozba-dunavski-alasi\\\/\",\"name\":\"Izlo\u017eba \u201eDunavski alasi\u201c - Serbia.com\",\"isPartOf\":{\"@id\":\"https:\\\/\\\/serbia.com\\\/#website\"},\"primaryImageOfPage\":{\"@id\":\"https:\\\/\\\/serbia.com\\\/srpski\\\/event\\\/izlozba-dunavski-alasi\\\/#primaryimage\"},\"image\":{\"@id\":\"https:\\\/\\\/serbia.com\\\/srpski\\\/event\\\/izlozba-dunavski-alasi\\\/#primaryimage\"},\"thumbnailUrl\":\"https:\\\/\\\/serbia.com\\\/wp-content\\\/uploads\\\/2014\\\/02\\\/feature1.jpg\",\"datePublished\":\"2014-02-03T15:04:40+00:00\",\"dateModified\":\"2014-02-03T15:11:00+00:00\",\"description\":\"Izlo\u017eba \u201eDunavski alasi\u201c bi\u0107e otvorena u Istorijskom muzeju Srbije od 4. februara do 15. marta i predstavi\u0107e razvoj ribarstva u Beogradu ali i na \u0161irem podru\u010dju Dunava kroz vi\u0161e od 200 predmeta.\",\"breadcrumb\":{\"@id\":\"https:\\\/\\\/serbia.com\\\/srpski\\\/event\\\/izlozba-dunavski-alasi\\\/#breadcrumb\"},\"inLanguage\":\"srpski\",\"potentialAction\":[{\"@type\":\"ReadAction\",\"target\":[\"https:\\\/\\\/serbia.com\\\/srpski\\\/event\\\/izlozba-dunavski-alasi\\\/\"]}]},{\"@type\":\"ImageObject\",\"inLanguage\":\"srpski\",\"@id\":\"https:\\\/\\\/serbia.com\\\/srpski\\\/event\\\/izlozba-dunavski-alasi\\\/#primaryimage\",\"url\":\"https:\\\/\\\/serbia.com\\\/wp-content\\\/uploads\\\/2014\\\/02\\\/feature1.jpg\",\"contentUrl\":\"https:\\\/\\\/serbia.com\\\/wp-content\\\/uploads\\\/2014\\\/02\\\/feature1.jpg\",\"width\":448,\"height\":333},{\"@type\":\"BreadcrumbList\",\"@id\":\"https:\\\/\\\/serbia.com\\\/srpski\\\/event\\\/izlozba-dunavski-alasi\\\/#breadcrumb\",\"itemListElement\":[{\"@type\":\"ListItem\",\"position\":1,\"name\":\"Home\",\"item\":\"https:\\\/\\\/serbia.com\\\/srpski\\\/srbija\\\/\"},{\"@type\":\"ListItem\",\"position\":2,\"name\":\"Events\",\"item\":\"https:\\\/\\\/serbia.com\\\/events\\\/\"},{\"@type\":\"ListItem\",\"position\":3,\"name\":\"Izlo\u017eba \u201eDunavski alasi\u201c\"}]},{\"@type\":\"WebSite\",\"@id\":\"https:\\\/\\\/serbia.com\\\/#website\",\"url\":\"https:\\\/\\\/serbia.com\\\/\",\"name\":\"Serbia.com\",\"description\":\"Your Gateway to Serbia\",\"potentialAction\":[{\"@type\":\"SearchAction\",\"target\":{\"@type\":\"EntryPoint\",\"urlTemplate\":\"https:\\\/\\\/serbia.com\\\/?s={search_term_string}\"},\"query-input\":{\"@type\":\"PropertyValueSpecification\",\"valueRequired\":true,\"valueName\":\"search_term_string\"}}],\"inLanguage\":\"srpski\"}]}<\/script>\n<!-- \/ Yoast SEO plugin. -->","yoast_head_json":{"title":"Izlo\u017eba \u201eDunavski alasi\u201c - Serbia.com","description":"Izlo\u017eba \u201eDunavski alasi\u201c bi\u0107e otvorena u Istorijskom muzeju Srbije od 4. februara do 15. marta i predstavi\u0107e razvoj ribarstva u Beogradu ali i na \u0161irem podru\u010dju Dunava kroz vi\u0161e od 200 predmeta.","robots":{"index":"index","follow":"follow","max-snippet":"max-snippet:-1","max-image-preview":"max-image-preview:large","max-video-preview":"max-video-preview:-1"},"canonical":"https:\/\/serbia.com\/srpski\/event\/izlozba-dunavski-alasi\/","og_locale":"en_US","og_type":"article","og_title":"Izlo\u017eba \u201eDunavski alasi\u201c - Serbia.com","og_description":"Izlo\u017eba \u201eDunavski alasi\u201c bi\u0107e otvorena u Istorijskom muzeju Srbije od 4. februara do 15. marta i predstavi\u0107e razvoj ribarstva u Beogradu ali i na \u0161irem podru\u010dju Dunava kroz vi\u0161e od 200 predmeta.","og_url":"https:\/\/serbia.com\/srpski\/event\/izlozba-dunavski-alasi\/","og_site_name":"Serbia.com","article_modified_time":"2014-02-03T15:11:00+00:00","og_image":[{"width":448,"height":333,"url":"https:\/\/serbia.com\/wp-content\/uploads\/2014\/02\/feature1.jpg","type":"image\/jpeg"}],"twitter_misc":{"Est. reading time":"1 minute"},"schema":{"@context":"https:\/\/schema.org","@graph":[{"@type":"WebPage","@id":"https:\/\/serbia.com\/srpski\/event\/izlozba-dunavski-alasi\/","url":"https:\/\/serbia.com\/srpski\/event\/izlozba-dunavski-alasi\/","name":"Izlo\u017eba \u201eDunavski alasi\u201c - Serbia.com","isPartOf":{"@id":"https:\/\/serbia.com\/#website"},"primaryImageOfPage":{"@id":"https:\/\/serbia.com\/srpski\/event\/izlozba-dunavski-alasi\/#primaryimage"},"image":{"@id":"https:\/\/serbia.com\/srpski\/event\/izlozba-dunavski-alasi\/#primaryimage"},"thumbnailUrl":"https:\/\/serbia.com\/wp-content\/uploads\/2014\/02\/feature1.jpg","datePublished":"2014-02-03T15:04:40+00:00","dateModified":"2014-02-03T15:11:00+00:00","description":"Izlo\u017eba \u201eDunavski alasi\u201c bi\u0107e otvorena u Istorijskom muzeju Srbije od 4. februara do 15. marta i predstavi\u0107e razvoj ribarstva u Beogradu ali i na \u0161irem podru\u010dju Dunava kroz vi\u0161e od 200 predmeta.","breadcrumb":{"@id":"https:\/\/serbia.com\/srpski\/event\/izlozba-dunavski-alasi\/#breadcrumb"},"inLanguage":"srpski","potentialAction":[{"@type":"ReadAction","target":["https:\/\/serbia.com\/srpski\/event\/izlozba-dunavski-alasi\/"]}]},{"@type":"ImageObject","inLanguage":"srpski","@id":"https:\/\/serbia.com\/srpski\/event\/izlozba-dunavski-alasi\/#primaryimage","url":"https:\/\/serbia.com\/wp-content\/uploads\/2014\/02\/feature1.jpg","contentUrl":"https:\/\/serbia.com\/wp-content\/uploads\/2014\/02\/feature1.jpg","width":448,"height":333},{"@type":"BreadcrumbList","@id":"https:\/\/serbia.com\/srpski\/event\/izlozba-dunavski-alasi\/#breadcrumb","itemListElement":[{"@type":"ListItem","position":1,"name":"Home","item":"https:\/\/serbia.com\/srpski\/srbija\/"},{"@type":"ListItem","position":2,"name":"Events","item":"https:\/\/serbia.com\/events\/"},{"@type":"ListItem","position":3,"name":"Izlo\u017eba \u201eDunavski alasi\u201c"}]},{"@type":"WebSite","@id":"https:\/\/serbia.com\/#website","url":"https:\/\/serbia.com\/","name":"Serbia.com","description":"Your Gateway to Serbia","potentialAction":[{"@type":"SearchAction","target":{"@type":"EntryPoint","urlTemplate":"https:\/\/serbia.com\/?s={search_term_string}"},"query-input":{"@type":"PropertyValueSpecification","valueRequired":true,"valueName":"search_term_string"}}],"inLanguage":"srpski"}]}},"_links":{"self":[{"href":"https:\/\/serbia.com\/srpski\/wp-json\/wp\/v2\/tribe_events\/13549","targetHints":{"allow":["GET"]}}],"collection":[{"href":"https:\/\/serbia.com\/srpski\/wp-json\/wp\/v2\/tribe_events"}],"about":[{"href":"https:\/\/serbia.com\/srpski\/wp-json\/wp\/v2\/types\/tribe_events"}],"author":[{"embeddable":true,"href":"https:\/\/serbia.com\/srpski\/wp-json\/wp\/v2\/users\/9"}],"version-history":[{"count":0,"href":"https:\/\/serbia.com\/srpski\/wp-json\/wp\/v2\/tribe_events\/13549\/revisions"}],"wp:featuredmedia":[{"embeddable":true,"href":"https:\/\/serbia.com\/srpski\/wp-json\/wp\/v2\/media\/13550"}],"wp:attachment":[{"href":"https:\/\/serbia.com\/srpski\/wp-json\/wp\/v2\/media?parent=13549"}],"wp:term":[{"taxonomy":"post_tag","embeddable":true,"href":"https:\/\/serbia.com\/srpski\/wp-json\/wp\/v2\/tags?post=13549"},{"taxonomy":"tribe_events_cat","embeddable":true,"href":"https:\/\/serbia.com\/srpski\/wp-json\/wp\/v2\/tribe_events_cat?post=13549"}],"curies":[{"name":"wp","href":"https:\/\/api.w.org\/{rel}","templated":true}]}}