{"id":12536,"date":"2013-12-04T15:50:31","date_gmt":"2013-12-04T14:50:31","guid":{"rendered":"http:\/\/www.serbia.com\/?post_type=tribe_events&#038;p=12536"},"modified":"2013-12-04T15:50:59","modified_gmt":"2013-12-04T14:50:59","slug":"festival-nauke-superheroji-nauke","status":"publish","type":"tribe_events","link":"https:\/\/serbia.com\/srpski\/event\/festival-nauke-superheroji-nauke\/","title":{"rendered":"Festival nauke: Superheroji nauke"},"content":{"rendered":"<h2>Najve\u0107i regionalni Festival nauke bi\u0107e odr\u017ean sedmi put u Beogradu od 5. do 8. decembra i dalje sa jasnom svrhom \u2013 da predstavi, objasni i promovi\u0161e nauku podjednako blisko i jasno svima, bez obzira na godine i obrazovanje.<\/h2>\n<p>Pod sloganom \u201eSuperheroji nauke\u201c, ideja festivala je da skrene pa\u017enju i ohrabri sve mlade ljude koji se danas u Srbiji bave naukom i \u0161ire entuzijazam, znanje i ljubav, kako i dolikuje pravim superherojima.<\/p>\n<p>Superheroji novog doba zadr\u017eavaju pravo da ne znaju odgovor na pitanje, oni nemaju nadljudske mo\u0107i, ali imaju istinsku snagu da na zanimljiv i vrlo ljudski na\u010din izvuku nauku iz mraka i predstave vam je u najboljem svetlu\u201c, obja\u0161njava direktorka Festivala nauke, Ana Jovanovi\u0107.<\/p>\n<p>Vi\u0161e informacija o Festivalu prona\u0111ite na <a href=\"http:\/\/www.festivalnauke.org\/index.html\" target=\"_blank\">www.festivalnauke.org<\/a>.<\/p>\n","protected":false},"excerpt":{"rendered":"<p>Najve\u0107i regionalni Festival nauke bi\u0107e odr\u017ean sedmi put u Beogradu od 5. do 8. decembra i dalje sa jasnom svrhom \u2013 da predstavi, objasni i promovi\u0161e nauku podjednako blisko i [&hellip;]<\/p>\n","protected":false},"author":9,"featured_media":12537,"template":"","meta":{"_acf_changed":false,"inline_featured_image":false,"_monsterinsights_skip_tracking":false,"_monsterinsights_sitenote_active":false,"_monsterinsights_sitenote_note":"","_monsterinsights_sitenote_category":0,"_tribe_events_status":"","_tribe_events_status_reason":"","footnotes":""},"tags":[],"tribe_events_cat":[],"class_list":["post-12536","tribe_events","type-tribe_events","status-publish","has-post-thumbnail","hentry"],"acf":[],"yoast_head":"<!-- This site is optimized with the Yoast SEO plugin v27.4 - https:\/\/yoast.com\/product\/yoast-seo-wordpress\/ -->\n<title>Festival nauke: Superheroji nauke<\/title>\n<meta name=\"description\" content=\"Najve\u0107i regionalni Festival nauke bi\u0107e odr\u017ean sedmi put u Beogradu od 5. do 8. decembra i dalje sa jasnom svrhom \u2013 da predstavi, objasni i promovi\u0161e nauku podjednako blisko i jasno svima, bez obzira na godine i obrazovanje.\" \/>\n<meta name=\"robots\" content=\"index, follow, max-snippet:-1, max-image-preview:large, max-video-preview:-1\" \/>\n<link rel=\"canonical\" href=\"https:\/\/serbia.com\/srpski\/event\/festival-nauke-superheroji-nauke\/\" \/>\n<meta property=\"og:locale\" content=\"en_US\" \/>\n<meta property=\"og:type\" content=\"article\" \/>\n<meta property=\"og:title\" content=\"Festival nauke: Superheroji nauke\" \/>\n<meta property=\"og:description\" content=\"Najve\u0107i regionalni Festival nauke bi\u0107e odr\u017ean sedmi put u Beogradu od 5. do 8. decembra i dalje sa jasnom svrhom \u2013 da predstavi, objasni i promovi\u0161e nauku podjednako blisko i jasno svima, bez obzira na godine i obrazovanje.\" \/>\n<meta property=\"og:url\" content=\"https:\/\/serbia.com\/srpski\/event\/festival-nauke-superheroji-nauke\/\" \/>\n<meta property=\"og:site_name\" content=\"Serbia.com\" \/>\n<meta property=\"article:modified_time\" content=\"2013-12-04T14:50:59+00:00\" \/>\n<meta property=\"og:image\" content=\"https:\/\/serbia.com\/wp-content\/uploads\/2013\/12\/festival-nauke1.jpg\" \/>\n\t<meta property=\"og:image:width\" content=\"200\" \/>\n\t<meta property=\"og:image:height\" content=\"200\" \/>\n\t<meta property=\"og:image:type\" content=\"image\/jpeg\" \/>\n<meta name=\"twitter:label1\" content=\"Est. reading time\" \/>\n\t<meta name=\"twitter:data1\" content=\"1 minute\" \/>\n<script type=\"application\/ld+json\" class=\"yoast-schema-graph\">{\"@context\":\"https:\\\/\\\/schema.org\",\"@graph\":[{\"@type\":\"WebPage\",\"@id\":\"https:\\\/\\\/serbia.com\\\/srpski\\\/event\\\/festival-nauke-superheroji-nauke\\\/\",\"url\":\"https:\\\/\\\/serbia.com\\\/srpski\\\/event\\\/festival-nauke-superheroji-nauke\\\/\",\"name\":\"Festival nauke: Superheroji nauke\",\"isPartOf\":{\"@id\":\"https:\\\/\\\/serbia.com\\\/#website\"},\"primaryImageOfPage\":{\"@id\":\"https:\\\/\\\/serbia.com\\\/srpski\\\/event\\\/festival-nauke-superheroji-nauke\\\/#primaryimage\"},\"image\":{\"@id\":\"https:\\\/\\\/serbia.com\\\/srpski\\\/event\\\/festival-nauke-superheroji-nauke\\\/#primaryimage\"},\"thumbnailUrl\":\"https:\\\/\\\/serbia.com\\\/wp-content\\\/uploads\\\/2013\\\/12\\\/festival-nauke1.jpg\",\"datePublished\":\"2013-12-04T14:50:31+00:00\",\"dateModified\":\"2013-12-04T14:50:59+00:00\",\"description\":\"Najve\u0107i regionalni Festival nauke bi\u0107e odr\u017ean sedmi put u Beogradu od 5. do 8. decembra i dalje sa jasnom svrhom \u2013 da predstavi, objasni i promovi\u0161e nauku podjednako blisko i jasno svima, bez obzira na godine i obrazovanje.\",\"breadcrumb\":{\"@id\":\"https:\\\/\\\/serbia.com\\\/srpski\\\/event\\\/festival-nauke-superheroji-nauke\\\/#breadcrumb\"},\"inLanguage\":\"srpski\",\"potentialAction\":[{\"@type\":\"ReadAction\",\"target\":[\"https:\\\/\\\/serbia.com\\\/srpski\\\/event\\\/festival-nauke-superheroji-nauke\\\/\"]}]},{\"@type\":\"ImageObject\",\"inLanguage\":\"srpski\",\"@id\":\"https:\\\/\\\/serbia.com\\\/srpski\\\/event\\\/festival-nauke-superheroji-nauke\\\/#primaryimage\",\"url\":\"https:\\\/\\\/serbia.com\\\/wp-content\\\/uploads\\\/2013\\\/12\\\/festival-nauke1.jpg\",\"contentUrl\":\"https:\\\/\\\/serbia.com\\\/wp-content\\\/uploads\\\/2013\\\/12\\\/festival-nauke1.jpg\",\"width\":200,\"height\":200},{\"@type\":\"BreadcrumbList\",\"@id\":\"https:\\\/\\\/serbia.com\\\/srpski\\\/event\\\/festival-nauke-superheroji-nauke\\\/#breadcrumb\",\"itemListElement\":[{\"@type\":\"ListItem\",\"position\":1,\"name\":\"Home\",\"item\":\"https:\\\/\\\/serbia.com\\\/srpski\\\/srbija\\\/\"},{\"@type\":\"ListItem\",\"position\":2,\"name\":\"Events\",\"item\":\"https:\\\/\\\/serbia.com\\\/events\\\/\"},{\"@type\":\"ListItem\",\"position\":3,\"name\":\"Festival nauke: Superheroji nauke\"}]},{\"@type\":\"WebSite\",\"@id\":\"https:\\\/\\\/serbia.com\\\/#website\",\"url\":\"https:\\\/\\\/serbia.com\\\/\",\"name\":\"Serbia.com\",\"description\":\"Your Gateway to Serbia\",\"potentialAction\":[{\"@type\":\"SearchAction\",\"target\":{\"@type\":\"EntryPoint\",\"urlTemplate\":\"https:\\\/\\\/serbia.com\\\/?s={search_term_string}\"},\"query-input\":{\"@type\":\"PropertyValueSpecification\",\"valueRequired\":true,\"valueName\":\"search_term_string\"}}],\"inLanguage\":\"srpski\"}]}<\/script>\n<!-- \/ Yoast SEO plugin. -->","yoast_head_json":{"title":"Festival nauke: Superheroji nauke","description":"Najve\u0107i regionalni Festival nauke bi\u0107e odr\u017ean sedmi put u Beogradu od 5. do 8. decembra i dalje sa jasnom svrhom \u2013 da predstavi, objasni i promovi\u0161e nauku podjednako blisko i jasno svima, bez obzira na godine i obrazovanje.","robots":{"index":"index","follow":"follow","max-snippet":"max-snippet:-1","max-image-preview":"max-image-preview:large","max-video-preview":"max-video-preview:-1"},"canonical":"https:\/\/serbia.com\/srpski\/event\/festival-nauke-superheroji-nauke\/","og_locale":"en_US","og_type":"article","og_title":"Festival nauke: Superheroji nauke","og_description":"Najve\u0107i regionalni Festival nauke bi\u0107e odr\u017ean sedmi put u Beogradu od 5. do 8. decembra i dalje sa jasnom svrhom \u2013 da predstavi, objasni i promovi\u0161e nauku podjednako blisko i jasno svima, bez obzira na godine i obrazovanje.","og_url":"https:\/\/serbia.com\/srpski\/event\/festival-nauke-superheroji-nauke\/","og_site_name":"Serbia.com","article_modified_time":"2013-12-04T14:50:59+00:00","og_image":[{"width":200,"height":200,"url":"https:\/\/serbia.com\/wp-content\/uploads\/2013\/12\/festival-nauke1.jpg","type":"image\/jpeg"}],"twitter_misc":{"Est. reading time":"1 minute"},"schema":{"@context":"https:\/\/schema.org","@graph":[{"@type":"WebPage","@id":"https:\/\/serbia.com\/srpski\/event\/festival-nauke-superheroji-nauke\/","url":"https:\/\/serbia.com\/srpski\/event\/festival-nauke-superheroji-nauke\/","name":"Festival nauke: Superheroji nauke","isPartOf":{"@id":"https:\/\/serbia.com\/#website"},"primaryImageOfPage":{"@id":"https:\/\/serbia.com\/srpski\/event\/festival-nauke-superheroji-nauke\/#primaryimage"},"image":{"@id":"https:\/\/serbia.com\/srpski\/event\/festival-nauke-superheroji-nauke\/#primaryimage"},"thumbnailUrl":"https:\/\/serbia.com\/wp-content\/uploads\/2013\/12\/festival-nauke1.jpg","datePublished":"2013-12-04T14:50:31+00:00","dateModified":"2013-12-04T14:50:59+00:00","description":"Najve\u0107i regionalni Festival nauke bi\u0107e odr\u017ean sedmi put u Beogradu od 5. do 8. decembra i dalje sa jasnom svrhom \u2013 da predstavi, objasni i promovi\u0161e nauku podjednako blisko i jasno svima, bez obzira na godine i obrazovanje.","breadcrumb":{"@id":"https:\/\/serbia.com\/srpski\/event\/festival-nauke-superheroji-nauke\/#breadcrumb"},"inLanguage":"srpski","potentialAction":[{"@type":"ReadAction","target":["https:\/\/serbia.com\/srpski\/event\/festival-nauke-superheroji-nauke\/"]}]},{"@type":"ImageObject","inLanguage":"srpski","@id":"https:\/\/serbia.com\/srpski\/event\/festival-nauke-superheroji-nauke\/#primaryimage","url":"https:\/\/serbia.com\/wp-content\/uploads\/2013\/12\/festival-nauke1.jpg","contentUrl":"https:\/\/serbia.com\/wp-content\/uploads\/2013\/12\/festival-nauke1.jpg","width":200,"height":200},{"@type":"BreadcrumbList","@id":"https:\/\/serbia.com\/srpski\/event\/festival-nauke-superheroji-nauke\/#breadcrumb","itemListElement":[{"@type":"ListItem","position":1,"name":"Home","item":"https:\/\/serbia.com\/srpski\/srbija\/"},{"@type":"ListItem","position":2,"name":"Events","item":"https:\/\/serbia.com\/events\/"},{"@type":"ListItem","position":3,"name":"Festival nauke: Superheroji nauke"}]},{"@type":"WebSite","@id":"https:\/\/serbia.com\/#website","url":"https:\/\/serbia.com\/","name":"Serbia.com","description":"Your Gateway to Serbia","potentialAction":[{"@type":"SearchAction","target":{"@type":"EntryPoint","urlTemplate":"https:\/\/serbia.com\/?s={search_term_string}"},"query-input":{"@type":"PropertyValueSpecification","valueRequired":true,"valueName":"search_term_string"}}],"inLanguage":"srpski"}]}},"_links":{"self":[{"href":"https:\/\/serbia.com\/srpski\/wp-json\/wp\/v2\/tribe_events\/12536","targetHints":{"allow":["GET"]}}],"collection":[{"href":"https:\/\/serbia.com\/srpski\/wp-json\/wp\/v2\/tribe_events"}],"about":[{"href":"https:\/\/serbia.com\/srpski\/wp-json\/wp\/v2\/types\/tribe_events"}],"author":[{"embeddable":true,"href":"https:\/\/serbia.com\/srpski\/wp-json\/wp\/v2\/users\/9"}],"version-history":[{"count":0,"href":"https:\/\/serbia.com\/srpski\/wp-json\/wp\/v2\/tribe_events\/12536\/revisions"}],"wp:featuredmedia":[{"embeddable":true,"href":"https:\/\/serbia.com\/srpski\/wp-json\/wp\/v2\/media\/12537"}],"wp:attachment":[{"href":"https:\/\/serbia.com\/srpski\/wp-json\/wp\/v2\/media?parent=12536"}],"wp:term":[{"taxonomy":"post_tag","embeddable":true,"href":"https:\/\/serbia.com\/srpski\/wp-json\/wp\/v2\/tags?post=12536"},{"taxonomy":"tribe_events_cat","embeddable":true,"href":"https:\/\/serbia.com\/srpski\/wp-json\/wp\/v2\/tribe_events_cat?post=12536"}],"curies":[{"name":"wp","href":"https:\/\/api.w.org\/{rel}","templated":true}]}}