{"id":11763,"date":"2013-10-03T15:06:41","date_gmt":"2013-10-03T13:06:41","guid":{"rendered":"http:\/\/www.serbia.com\/?post_type=tribe_events&#038;p=11763"},"modified":"2013-10-03T15:08:10","modified_gmt":"2013-10-03T13:08:10","slug":"serbia-wonderland-festival-2","status":"publish","type":"tribe_events","link":"https:\/\/serbia.com\/srpski\/event\/serbia-wonderland-festival-2\/","title":{"rendered":"Serbia Wonderland Festival"},"content":{"rendered":"<h2>Po prvi put na ovim prostorima sprema se spektakularan festival sa originalnom scenografijom &#8211; Serbia Wonderland Festival koji se odr\u017eava 12. oktobra u KPGT-u.<\/h2>\n<p>Likovi iz bajki, \u010darobnjaci iz dalekih zemalja i najlep\u0161e filmske pri\u010de o\u017eive\u0107e prostor KPGT-a i pove\u0161\u0107e vas u \u010darobnu no\u0107. Za ovaj audio vizuelni spektakl, organizatori su spremili dva stejd\u017ea, chill zonu sa nargilama, body art zonu, mirisne \u0161tapi\u0107e, kostimirane animatore sa motivima iz bajki, slow motion hoda\u010de, drvo znanja, mno\u0161tvo zvezda i puno florescentnih detalja&#8230;<\/p>\n<p>Uz to bi\u0107e prisutni umetnici iz razli\u010ditih grana moderne umetnosti. Mnogi opisuju ovaj festival kao festival budu\u0107nosti i lepih ideja.<\/p>\n<p>Cene ulaznica su 1190,00 i 1300,00 dinara a mogu se kupiti na prodajnim mestima Eventima.<\/p>\n<p>Za vi\u0161e informacija posetite zvani\u010dni portal festivala: <a href=\"http:\/\/www.serbiawonderland.com\/\" target=\"_blank\">www.serbiawonderland.com<\/a><\/p>\n","protected":false},"excerpt":{"rendered":"<p>Po prvi put na ovim prostorima sprema se spektakularan festival sa originalnom scenografijom &#8211; Serbia Wonderland Festival koji se odr\u017eava 12. oktobra u KPGT-u. Likovi iz bajki, \u010darobnjaci iz dalekih [&hellip;]<\/p>\n","protected":false},"author":9,"featured_media":11764,"template":"","meta":{"_acf_changed":false,"inline_featured_image":false,"_monsterinsights_skip_tracking":false,"_monsterinsights_sitenote_active":false,"_monsterinsights_sitenote_note":"","_monsterinsights_sitenote_category":0,"_tribe_events_status":"","_tribe_events_status_reason":"","footnotes":""},"tags":[],"tribe_events_cat":[],"class_list":["post-11763","tribe_events","type-tribe_events","status-publish","has-post-thumbnail","hentry"],"acf":[],"yoast_head":"<!-- This site is optimized with the Yoast SEO plugin v27.4 - https:\/\/yoast.com\/product\/yoast-seo-wordpress\/ -->\n<title>Serbia Wonderland Festival - Serbia.com<\/title>\n<meta name=\"description\" content=\"Po prvi put na ovim prostorima sprema se spektakularan festival sa originalnom scenografijom - Serbia Wonderland Festival koji se odr\u017eava 12. oktobra u KPGT-u.\" \/>\n<meta name=\"robots\" content=\"index, follow, max-snippet:-1, max-image-preview:large, max-video-preview:-1\" \/>\n<link rel=\"canonical\" href=\"https:\/\/serbia.com\/srpski\/event\/serbia-wonderland-festival-2\/\" \/>\n<meta property=\"og:locale\" content=\"en_US\" \/>\n<meta property=\"og:type\" content=\"article\" \/>\n<meta property=\"og:title\" content=\"Serbia Wonderland Festival - Serbia.com\" \/>\n<meta property=\"og:description\" content=\"Po prvi put na ovim prostorima sprema se spektakularan festival sa originalnom scenografijom - Serbia Wonderland Festival koji se odr\u017eava 12. oktobra u KPGT-u.\" \/>\n<meta property=\"og:url\" content=\"https:\/\/serbia.com\/srpski\/event\/serbia-wonderland-festival-2\/\" \/>\n<meta property=\"og:site_name\" content=\"Serbia.com\" \/>\n<meta property=\"article:modified_time\" content=\"2013-10-03T13:08:10+00:00\" \/>\n<meta property=\"og:image\" content=\"https:\/\/serbia.com\/wp-content\/uploads\/2013\/10\/logo1.png\" \/>\n\t<meta property=\"og:image:width\" content=\"300\" \/>\n\t<meta property=\"og:image:height\" content=\"212\" \/>\n\t<meta property=\"og:image:type\" content=\"image\/png\" \/>\n<meta name=\"twitter:label1\" content=\"Est. reading time\" \/>\n\t<meta name=\"twitter:data1\" content=\"1 minute\" \/>\n<script type=\"application\/ld+json\" class=\"yoast-schema-graph\">{\"@context\":\"https:\\\/\\\/schema.org\",\"@graph\":[{\"@type\":\"WebPage\",\"@id\":\"https:\\\/\\\/serbia.com\\\/srpski\\\/event\\\/serbia-wonderland-festival-2\\\/\",\"url\":\"https:\\\/\\\/serbia.com\\\/srpski\\\/event\\\/serbia-wonderland-festival-2\\\/\",\"name\":\"Serbia Wonderland Festival - Serbia.com\",\"isPartOf\":{\"@id\":\"https:\\\/\\\/serbia.com\\\/#website\"},\"primaryImageOfPage\":{\"@id\":\"https:\\\/\\\/serbia.com\\\/srpski\\\/event\\\/serbia-wonderland-festival-2\\\/#primaryimage\"},\"image\":{\"@id\":\"https:\\\/\\\/serbia.com\\\/srpski\\\/event\\\/serbia-wonderland-festival-2\\\/#primaryimage\"},\"thumbnailUrl\":\"https:\\\/\\\/serbia.com\\\/wp-content\\\/uploads\\\/2013\\\/10\\\/logo1.png\",\"datePublished\":\"2013-10-03T13:06:41+00:00\",\"dateModified\":\"2013-10-03T13:08:10+00:00\",\"description\":\"Po prvi put na ovim prostorima sprema se spektakularan festival sa originalnom scenografijom - Serbia Wonderland Festival koji se odr\u017eava 12. oktobra u KPGT-u.\",\"breadcrumb\":{\"@id\":\"https:\\\/\\\/serbia.com\\\/srpski\\\/event\\\/serbia-wonderland-festival-2\\\/#breadcrumb\"},\"inLanguage\":\"srpski\",\"potentialAction\":[{\"@type\":\"ReadAction\",\"target\":[\"https:\\\/\\\/serbia.com\\\/srpski\\\/event\\\/serbia-wonderland-festival-2\\\/\"]}]},{\"@type\":\"ImageObject\",\"inLanguage\":\"srpski\",\"@id\":\"https:\\\/\\\/serbia.com\\\/srpski\\\/event\\\/serbia-wonderland-festival-2\\\/#primaryimage\",\"url\":\"https:\\\/\\\/serbia.com\\\/wp-content\\\/uploads\\\/2013\\\/10\\\/logo1.png\",\"contentUrl\":\"https:\\\/\\\/serbia.com\\\/wp-content\\\/uploads\\\/2013\\\/10\\\/logo1.png\",\"width\":300,\"height\":212},{\"@type\":\"BreadcrumbList\",\"@id\":\"https:\\\/\\\/serbia.com\\\/srpski\\\/event\\\/serbia-wonderland-festival-2\\\/#breadcrumb\",\"itemListElement\":[{\"@type\":\"ListItem\",\"position\":1,\"name\":\"Home\",\"item\":\"https:\\\/\\\/serbia.com\\\/srpski\\\/srbija\\\/\"},{\"@type\":\"ListItem\",\"position\":2,\"name\":\"Events\",\"item\":\"https:\\\/\\\/serbia.com\\\/events\\\/\"},{\"@type\":\"ListItem\",\"position\":3,\"name\":\"Serbia Wonderland Festival\"}]},{\"@type\":\"WebSite\",\"@id\":\"https:\\\/\\\/serbia.com\\\/#website\",\"url\":\"https:\\\/\\\/serbia.com\\\/\",\"name\":\"Serbia.com\",\"description\":\"Your Gateway to Serbia\",\"potentialAction\":[{\"@type\":\"SearchAction\",\"target\":{\"@type\":\"EntryPoint\",\"urlTemplate\":\"https:\\\/\\\/serbia.com\\\/?s={search_term_string}\"},\"query-input\":{\"@type\":\"PropertyValueSpecification\",\"valueRequired\":true,\"valueName\":\"search_term_string\"}}],\"inLanguage\":\"srpski\"}]}<\/script>\n<!-- \/ Yoast SEO plugin. -->","yoast_head_json":{"title":"Serbia Wonderland Festival - Serbia.com","description":"Po prvi put na ovim prostorima sprema se spektakularan festival sa originalnom scenografijom - Serbia Wonderland Festival koji se odr\u017eava 12. oktobra u KPGT-u.","robots":{"index":"index","follow":"follow","max-snippet":"max-snippet:-1","max-image-preview":"max-image-preview:large","max-video-preview":"max-video-preview:-1"},"canonical":"https:\/\/serbia.com\/srpski\/event\/serbia-wonderland-festival-2\/","og_locale":"en_US","og_type":"article","og_title":"Serbia Wonderland Festival - Serbia.com","og_description":"Po prvi put na ovim prostorima sprema se spektakularan festival sa originalnom scenografijom - Serbia Wonderland Festival koji se odr\u017eava 12. oktobra u KPGT-u.","og_url":"https:\/\/serbia.com\/srpski\/event\/serbia-wonderland-festival-2\/","og_site_name":"Serbia.com","article_modified_time":"2013-10-03T13:08:10+00:00","og_image":[{"width":300,"height":212,"url":"https:\/\/serbia.com\/wp-content\/uploads\/2013\/10\/logo1.png","type":"image\/png"}],"twitter_misc":{"Est. reading time":"1 minute"},"schema":{"@context":"https:\/\/schema.org","@graph":[{"@type":"WebPage","@id":"https:\/\/serbia.com\/srpski\/event\/serbia-wonderland-festival-2\/","url":"https:\/\/serbia.com\/srpski\/event\/serbia-wonderland-festival-2\/","name":"Serbia Wonderland Festival - Serbia.com","isPartOf":{"@id":"https:\/\/serbia.com\/#website"},"primaryImageOfPage":{"@id":"https:\/\/serbia.com\/srpski\/event\/serbia-wonderland-festival-2\/#primaryimage"},"image":{"@id":"https:\/\/serbia.com\/srpski\/event\/serbia-wonderland-festival-2\/#primaryimage"},"thumbnailUrl":"https:\/\/serbia.com\/wp-content\/uploads\/2013\/10\/logo1.png","datePublished":"2013-10-03T13:06:41+00:00","dateModified":"2013-10-03T13:08:10+00:00","description":"Po prvi put na ovim prostorima sprema se spektakularan festival sa originalnom scenografijom - Serbia Wonderland Festival koji se odr\u017eava 12. oktobra u KPGT-u.","breadcrumb":{"@id":"https:\/\/serbia.com\/srpski\/event\/serbia-wonderland-festival-2\/#breadcrumb"},"inLanguage":"srpski","potentialAction":[{"@type":"ReadAction","target":["https:\/\/serbia.com\/srpski\/event\/serbia-wonderland-festival-2\/"]}]},{"@type":"ImageObject","inLanguage":"srpski","@id":"https:\/\/serbia.com\/srpski\/event\/serbia-wonderland-festival-2\/#primaryimage","url":"https:\/\/serbia.com\/wp-content\/uploads\/2013\/10\/logo1.png","contentUrl":"https:\/\/serbia.com\/wp-content\/uploads\/2013\/10\/logo1.png","width":300,"height":212},{"@type":"BreadcrumbList","@id":"https:\/\/serbia.com\/srpski\/event\/serbia-wonderland-festival-2\/#breadcrumb","itemListElement":[{"@type":"ListItem","position":1,"name":"Home","item":"https:\/\/serbia.com\/srpski\/srbija\/"},{"@type":"ListItem","position":2,"name":"Events","item":"https:\/\/serbia.com\/events\/"},{"@type":"ListItem","position":3,"name":"Serbia Wonderland Festival"}]},{"@type":"WebSite","@id":"https:\/\/serbia.com\/#website","url":"https:\/\/serbia.com\/","name":"Serbia.com","description":"Your Gateway to Serbia","potentialAction":[{"@type":"SearchAction","target":{"@type":"EntryPoint","urlTemplate":"https:\/\/serbia.com\/?s={search_term_string}"},"query-input":{"@type":"PropertyValueSpecification","valueRequired":true,"valueName":"search_term_string"}}],"inLanguage":"srpski"}]}},"_links":{"self":[{"href":"https:\/\/serbia.com\/srpski\/wp-json\/wp\/v2\/tribe_events\/11763","targetHints":{"allow":["GET"]}}],"collection":[{"href":"https:\/\/serbia.com\/srpski\/wp-json\/wp\/v2\/tribe_events"}],"about":[{"href":"https:\/\/serbia.com\/srpski\/wp-json\/wp\/v2\/types\/tribe_events"}],"author":[{"embeddable":true,"href":"https:\/\/serbia.com\/srpski\/wp-json\/wp\/v2\/users\/9"}],"version-history":[{"count":0,"href":"https:\/\/serbia.com\/srpski\/wp-json\/wp\/v2\/tribe_events\/11763\/revisions"}],"wp:featuredmedia":[{"embeddable":true,"href":"https:\/\/serbia.com\/srpski\/wp-json\/wp\/v2\/media\/11764"}],"wp:attachment":[{"href":"https:\/\/serbia.com\/srpski\/wp-json\/wp\/v2\/media?parent=11763"}],"wp:term":[{"taxonomy":"post_tag","embeddable":true,"href":"https:\/\/serbia.com\/srpski\/wp-json\/wp\/v2\/tags?post=11763"},{"taxonomy":"tribe_events_cat","embeddable":true,"href":"https:\/\/serbia.com\/srpski\/wp-json\/wp\/v2\/tribe_events_cat?post=11763"}],"curies":[{"name":"wp","href":"https:\/\/api.w.org\/{rel}","templated":true}]}}