{"id":11120,"date":"2013-07-16T12:03:20","date_gmt":"2013-07-16T10:03:20","guid":{"rendered":"http:\/\/www.serbia.com\/?post_type=tribe_events&#038;p=11120"},"modified":"2013-08-12T10:56:15","modified_gmt":"2013-08-12T08:56:15","slug":"belgrade-beer-fest-2013-2","status":"publish","type":"tribe_events","link":"https:\/\/serbia.com\/srpski\/event\/belgrade-beer-fest-2013-2\/","title":{"rendered":"Belgrade Beer Fest 2013"},"content":{"rendered":"<h2>Vrele letnje no\u0107i na beogradskom U\u0161\u0107u, rokenrol i pivo\u2026 Ovogodi\u0161nji Belgrade Beer Fest traje od 14. do 19. Avgusta i o\u010dekuje se rekordna pose\u0107enost na U\u0161\u0107u.<\/h2>\n<p>Prema britanskom listu \u201eThe Independent\u201c jedan od top 20 svetskih doga\u0111aja koje bi obavezno trebalo posetiti, Belgrade Beer Fest postao je najve\u0107i pivski festival u jugoisto\u010dnoj Evropi.<\/p>\n<p>Kao i svake godine, organizatori Beer Festa su obezbedili bogat program posetiocima. Najavljene su velike muzi\u010dke zvezde iz zemlje i regiona. Izme\u0111u ostalih, nastupaju: Rambo Amadeus, Atomsko skloni\u0161te, Riblja \u010dorba, Sunshine, Alen Islamovi\u0107 &amp; kad bi bio bijelo dugme, Generacija 5, Masimo Savi\u0107, Kerber, Bajaga &amp; Instruktori, Orthodox Celts, Partibrejkers ali i Zvonko Bogdan, Boban Markovi\u0107 sa svojim truba\u010dima i Legende.<\/p>\n<p style=\"text-align: center;\"><strong>Program Belgrade Beer Fest-a 2013:<\/strong><\/p>\n<p><em><strong>Sreda, 14. avgust<\/strong><\/em><\/p>\n<p>1. U\u0107uti Pas (pobednik Belgrade Demo Fest Live) (SRB) 18:00 &#8211; 18:30<\/p>\n<p>2. Grate (SRB) 18:45 &#8211; 19:15<\/p>\n<p>3. Zvonko Bogdan (SRB) 19:15 &#8211; 20:15<\/p>\n<p>4. Belgrade Blues Factory (SRB) 20:30 &#8211; 21:00<\/p>\n<p>5. Massimo Savi\u0107 (HR) 21:10 &#8211; 22:10<\/p>\n<p>6. Atomsko Skloni\u0161te (HR) 22:25 &#8211; 23:25<\/p>\n<p>7. Rambo Amadeus &amp; Two Winnetous (SRB) 23:40 &#8211; 00:20<\/p>\n<p>8. Bad Copy &amp; V.I.P. (SRB) 00:40 &#8211; 01:20<\/p>\n<p>9. Sunshine (SRB) 01:30 &#8211; 02:15<\/p>\n<p><em><strong>\u010cetvrtak, 15. avgust<\/strong><\/em><\/p>\n<p>1. Meda, Vuk i Sandokan (SRB) 18:00 &#8211; 18:30<\/p>\n<p>2. Relic (SRB) 18:45 &#8211; 19:15<\/p>\n<p>3. Sirova ko\u017ea (SRB) 19:30 &#8211; 20:00<\/p>\n<p>4. Osmi Putnik (HR) 20:00 &#8211; 20:45<\/p>\n<p>5. Riblja \u010dorba (SRB) 21:00 &#8211; 22:15<\/p>\n<p>6. Feud (SRB) 22:30 &#8211; 23:15<\/p>\n<p>7. Alen Islamovi\u0107 &amp; kad bi bio bijelo dugme (BiH) 23:30 &#8211; 01:15<\/p>\n<p>8. Generacija 5 (SRB) 01:30 &#8211; 02:<\/p>\n<p><em><strong>Petak, 16. avgust<\/strong><\/em><\/p>\n<p>1. Brigand (SRB9 18:00 &#8211; 18:30<\/p>\n<p>2. Rok Bulevar (SRB) 18:30 &#8211; 19:00<\/p>\n<p>3. Branimir &amp; Neprijatelji (SRB) 19:15 &#8211; 20:00<\/p>\n<p>4. Bjesovi (SRB) 20:00 &#8211; 20:45<\/p>\n<p>5. Kerber (SRB) 21:00 &#8211; 22:00<\/p>\n<p>6. The Dibidus (ex Familija) (SRB) 22:15 &#8211; 23:00<\/p>\n<p>7. Dubioza kolektiv (BiH) 23:15 &#8211; 00:30<\/p>\n<p>8. Babe (SRB) 00:45 &#8211; 01:20<\/p>\n<p>9. BANDX (SRB) 01:30 &#8211; 02:15<\/p>\n<p>10. Pookie feat. Bojana Stamenov Live PA (SRB) 02:15 &#8211; 02:45<\/p>\n<p>11. The Shapeshifters feat. Jenna G Live PA (UK) 02:45 &#8211; 04:15<\/p>\n<p><em><strong>Subota, 17. avgust<\/strong><\/em><\/p>\n<p>1. Pobednik FB konkursa 18:00 &#8211; 18:30<\/p>\n<p>2. Smells Like K. Spirit (CH) 18:45 &#8211; 19:15<\/p>\n<p>3. E-Play SRB 19:30 &#8211; 20:15<\/p>\n<p>4. IQV &#8211; EKV Tribute (SRB) 20:30 &#8211; 21:30<\/p>\n<p>5. Bajaga &amp; Instruktori (SRB) 21:45 &#8211; 23:00<\/p>\n<p>6. DLM (SRB) 23:15 &#8211; 00:15<\/p>\n<p>7. Orthodox Celts (SRB) 00:30 &#8211; 01:45<\/p>\n<p>8. Hypnotized (SRB) 02:00 &#8211; 02:45<\/p>\n<p>9. Truba\u010di Bobana Markovi\u0107a (SRB) 03:00 &#8211; 04:00<\/p>\n<p><em><strong>Nedelja, 18. avgust<\/strong><\/em><\/p>\n<p>1. Talent Show &#8211; Best Of 18:15 &#8211; 19:15<\/p>\n<p>2. Legende (SRB) 19:30 &#8211; 20:30<\/p>\n<p>3. Boney M. (UK) 21:00 &#8211; 22:15<\/p>\n<p>4. Dejan Cuki\u0107 &amp; Spori Ritam Band (SRB) 22:30 &#8211; 23:15<\/p>\n<p>&#8211; Finale takmi\u010denja u ispijanju piva 23:30 &#8211; 00:00<\/p>\n<p>5. Partibrejkers (SRB) 00:15 &#8211; 01:15<\/p>\n<p>6. Block Out (SRB) 01:30 &#8211; 02:15<\/p>\n<p>Ova zna\u010dajna festivalska manifestacija glavnog grada po poseti prevazilazi brojne letnje manifestacije. Od osnivanja 2003. godine, Beer Fest svake godine poseti preko pola miliona ljudi. Klju\u010d uspeha \u010dine bogat muzi\u010dki program baziran na rokenrolu, \u0161iroka ponuda doma\u0107ih i inostranih pivskih brendova, kao i slobodan ulaz.<\/p>\n\n<p>Foto:\u00a0 <a href=\"http:\/\/belgradebeerfest.com\/active\/sr-latin\/home.html\" target=\"_blank\">belgradebeerfest.com<\/a><\/p>\n","protected":false},"excerpt":{"rendered":"<p>Vrele letnje no\u0107i na beogradskom U\u0161\u0107u, rokenrol i pivo\u2026 Ovogodi\u0161nji Belgrade Beer Fest traje od 14. do 19. Avgusta i o\u010dekuje se rekordna pose\u0107enost na U\u0161\u0107u. Prema britanskom listu \u201eThe [&hellip;]<\/p>\n","protected":false},"author":9,"featured_media":11121,"template":"","meta":{"_acf_changed":false,"inline_featured_image":false,"_monsterinsights_skip_tracking":false,"_monsterinsights_sitenote_active":false,"_monsterinsights_sitenote_note":"","_monsterinsights_sitenote_category":0,"_tribe_events_status":"","_tribe_events_status_reason":"","footnotes":""},"tags":[],"tribe_events_cat":[],"class_list":["post-11120","tribe_events","type-tribe_events","status-publish","has-post-thumbnail","hentry"],"acf":[],"yoast_head":"<!-- This site is optimized with the Yoast SEO plugin v27.4 - https:\/\/yoast.com\/product\/yoast-seo-wordpress\/ -->\n<title>Belgrade Beer Fest 2013 - Serbia.com<\/title>\n<meta name=\"description\" content=\"Vrele letnje no\u0107i na beogradskom U\u0161\u0107u, rokenrol i pivo\u2026 Ovogodi\u0161nji Belgrade Beer Fest traje od 14. do 19. Avgusta i o\u010dekuje se rekordna pose\u0107enost na U\u0161\u0107u.\" \/>\n<meta name=\"robots\" content=\"index, follow, max-snippet:-1, max-image-preview:large, max-video-preview:-1\" \/>\n<link rel=\"canonical\" href=\"https:\/\/serbia.com\/srpski\/event\/belgrade-beer-fest-2013-2\/\" \/>\n<meta property=\"og:locale\" content=\"en_US\" \/>\n<meta property=\"og:type\" content=\"article\" \/>\n<meta property=\"og:title\" content=\"Belgrade Beer Fest 2013 - Serbia.com\" \/>\n<meta property=\"og:description\" content=\"Vrele letnje no\u0107i na beogradskom U\u0161\u0107u, rokenrol i pivo\u2026 Ovogodi\u0161nji Belgrade Beer Fest traje od 14. do 19. Avgusta i o\u010dekuje se rekordna pose\u0107enost na U\u0161\u0107u.\" \/>\n<meta property=\"og:url\" content=\"https:\/\/serbia.com\/srpski\/event\/belgrade-beer-fest-2013-2\/\" \/>\n<meta property=\"og:site_name\" content=\"Serbia.com\" \/>\n<meta property=\"article:modified_time\" content=\"2013-08-12T08:56:15+00:00\" \/>\n<meta property=\"og:image\" content=\"https:\/\/serbia.com\/wp-content\/uploads\/2013\/07\/beer1.jpg\" \/>\n\t<meta property=\"og:image:width\" content=\"540\" \/>\n\t<meta property=\"og:image:height\" content=\"298\" \/>\n\t<meta property=\"og:image:type\" content=\"image\/jpeg\" \/>\n<meta name=\"twitter:label1\" content=\"Est. reading time\" \/>\n\t<meta name=\"twitter:data1\" content=\"2 minutes\" \/>\n<script type=\"application\/ld+json\" class=\"yoast-schema-graph\">{\"@context\":\"https:\\\/\\\/schema.org\",\"@graph\":[{\"@type\":\"WebPage\",\"@id\":\"https:\\\/\\\/serbia.com\\\/srpski\\\/event\\\/belgrade-beer-fest-2013-2\\\/\",\"url\":\"https:\\\/\\\/serbia.com\\\/srpski\\\/event\\\/belgrade-beer-fest-2013-2\\\/\",\"name\":\"Belgrade Beer Fest 2013 - Serbia.com\",\"isPartOf\":{\"@id\":\"https:\\\/\\\/serbia.com\\\/#website\"},\"primaryImageOfPage\":{\"@id\":\"https:\\\/\\\/serbia.com\\\/srpski\\\/event\\\/belgrade-beer-fest-2013-2\\\/#primaryimage\"},\"image\":{\"@id\":\"https:\\\/\\\/serbia.com\\\/srpski\\\/event\\\/belgrade-beer-fest-2013-2\\\/#primaryimage\"},\"thumbnailUrl\":\"https:\\\/\\\/serbia.com\\\/wp-content\\\/uploads\\\/2013\\\/07\\\/beer1.jpg\",\"datePublished\":\"2013-07-16T10:03:20+00:00\",\"dateModified\":\"2013-08-12T08:56:15+00:00\",\"description\":\"Vrele letnje no\u0107i na beogradskom U\u0161\u0107u, rokenrol i pivo\u2026 Ovogodi\u0161nji Belgrade Beer Fest traje od 14. do 19. Avgusta i o\u010dekuje se rekordna pose\u0107enost na U\u0161\u0107u.\",\"breadcrumb\":{\"@id\":\"https:\\\/\\\/serbia.com\\\/srpski\\\/event\\\/belgrade-beer-fest-2013-2\\\/#breadcrumb\"},\"inLanguage\":\"srpski\",\"potentialAction\":[{\"@type\":\"ReadAction\",\"target\":[\"https:\\\/\\\/serbia.com\\\/srpski\\\/event\\\/belgrade-beer-fest-2013-2\\\/\"]}]},{\"@type\":\"ImageObject\",\"inLanguage\":\"srpski\",\"@id\":\"https:\\\/\\\/serbia.com\\\/srpski\\\/event\\\/belgrade-beer-fest-2013-2\\\/#primaryimage\",\"url\":\"https:\\\/\\\/serbia.com\\\/wp-content\\\/uploads\\\/2013\\\/07\\\/beer1.jpg\",\"contentUrl\":\"https:\\\/\\\/serbia.com\\\/wp-content\\\/uploads\\\/2013\\\/07\\\/beer1.jpg\",\"width\":540,\"height\":298},{\"@type\":\"BreadcrumbList\",\"@id\":\"https:\\\/\\\/serbia.com\\\/srpski\\\/event\\\/belgrade-beer-fest-2013-2\\\/#breadcrumb\",\"itemListElement\":[{\"@type\":\"ListItem\",\"position\":1,\"name\":\"Home\",\"item\":\"https:\\\/\\\/serbia.com\\\/srpski\\\/srbija\\\/\"},{\"@type\":\"ListItem\",\"position\":2,\"name\":\"Events\",\"item\":\"https:\\\/\\\/serbia.com\\\/events\\\/\"},{\"@type\":\"ListItem\",\"position\":3,\"name\":\"Belgrade Beer Fest 2013\"}]},{\"@type\":\"WebSite\",\"@id\":\"https:\\\/\\\/serbia.com\\\/#website\",\"url\":\"https:\\\/\\\/serbia.com\\\/\",\"name\":\"Serbia.com\",\"description\":\"Your Gateway to Serbia\",\"potentialAction\":[{\"@type\":\"SearchAction\",\"target\":{\"@type\":\"EntryPoint\",\"urlTemplate\":\"https:\\\/\\\/serbia.com\\\/?s={search_term_string}\"},\"query-input\":{\"@type\":\"PropertyValueSpecification\",\"valueRequired\":true,\"valueName\":\"search_term_string\"}}],\"inLanguage\":\"srpski\"}]}<\/script>\n<!-- \/ Yoast SEO plugin. -->","yoast_head_json":{"title":"Belgrade Beer Fest 2013 - Serbia.com","description":"Vrele letnje no\u0107i na beogradskom U\u0161\u0107u, rokenrol i pivo\u2026 Ovogodi\u0161nji Belgrade Beer Fest traje od 14. do 19. Avgusta i o\u010dekuje se rekordna pose\u0107enost na U\u0161\u0107u.","robots":{"index":"index","follow":"follow","max-snippet":"max-snippet:-1","max-image-preview":"max-image-preview:large","max-video-preview":"max-video-preview:-1"},"canonical":"https:\/\/serbia.com\/srpski\/event\/belgrade-beer-fest-2013-2\/","og_locale":"en_US","og_type":"article","og_title":"Belgrade Beer Fest 2013 - Serbia.com","og_description":"Vrele letnje no\u0107i na beogradskom U\u0161\u0107u, rokenrol i pivo\u2026 Ovogodi\u0161nji Belgrade Beer Fest traje od 14. do 19. Avgusta i o\u010dekuje se rekordna pose\u0107enost na U\u0161\u0107u.","og_url":"https:\/\/serbia.com\/srpski\/event\/belgrade-beer-fest-2013-2\/","og_site_name":"Serbia.com","article_modified_time":"2013-08-12T08:56:15+00:00","og_image":[{"width":540,"height":298,"url":"https:\/\/serbia.com\/wp-content\/uploads\/2013\/07\/beer1.jpg","type":"image\/jpeg"}],"twitter_misc":{"Est. reading time":"2 minutes"},"schema":{"@context":"https:\/\/schema.org","@graph":[{"@type":"WebPage","@id":"https:\/\/serbia.com\/srpski\/event\/belgrade-beer-fest-2013-2\/","url":"https:\/\/serbia.com\/srpski\/event\/belgrade-beer-fest-2013-2\/","name":"Belgrade Beer Fest 2013 - Serbia.com","isPartOf":{"@id":"https:\/\/serbia.com\/#website"},"primaryImageOfPage":{"@id":"https:\/\/serbia.com\/srpski\/event\/belgrade-beer-fest-2013-2\/#primaryimage"},"image":{"@id":"https:\/\/serbia.com\/srpski\/event\/belgrade-beer-fest-2013-2\/#primaryimage"},"thumbnailUrl":"https:\/\/serbia.com\/wp-content\/uploads\/2013\/07\/beer1.jpg","datePublished":"2013-07-16T10:03:20+00:00","dateModified":"2013-08-12T08:56:15+00:00","description":"Vrele letnje no\u0107i na beogradskom U\u0161\u0107u, rokenrol i pivo\u2026 Ovogodi\u0161nji Belgrade Beer Fest traje od 14. do 19. Avgusta i o\u010dekuje se rekordna pose\u0107enost na U\u0161\u0107u.","breadcrumb":{"@id":"https:\/\/serbia.com\/srpski\/event\/belgrade-beer-fest-2013-2\/#breadcrumb"},"inLanguage":"srpski","potentialAction":[{"@type":"ReadAction","target":["https:\/\/serbia.com\/srpski\/event\/belgrade-beer-fest-2013-2\/"]}]},{"@type":"ImageObject","inLanguage":"srpski","@id":"https:\/\/serbia.com\/srpski\/event\/belgrade-beer-fest-2013-2\/#primaryimage","url":"https:\/\/serbia.com\/wp-content\/uploads\/2013\/07\/beer1.jpg","contentUrl":"https:\/\/serbia.com\/wp-content\/uploads\/2013\/07\/beer1.jpg","width":540,"height":298},{"@type":"BreadcrumbList","@id":"https:\/\/serbia.com\/srpski\/event\/belgrade-beer-fest-2013-2\/#breadcrumb","itemListElement":[{"@type":"ListItem","position":1,"name":"Home","item":"https:\/\/serbia.com\/srpski\/srbija\/"},{"@type":"ListItem","position":2,"name":"Events","item":"https:\/\/serbia.com\/events\/"},{"@type":"ListItem","position":3,"name":"Belgrade Beer Fest 2013"}]},{"@type":"WebSite","@id":"https:\/\/serbia.com\/#website","url":"https:\/\/serbia.com\/","name":"Serbia.com","description":"Your Gateway to Serbia","potentialAction":[{"@type":"SearchAction","target":{"@type":"EntryPoint","urlTemplate":"https:\/\/serbia.com\/?s={search_term_string}"},"query-input":{"@type":"PropertyValueSpecification","valueRequired":true,"valueName":"search_term_string"}}],"inLanguage":"srpski"}]}},"_links":{"self":[{"href":"https:\/\/serbia.com\/srpski\/wp-json\/wp\/v2\/tribe_events\/11120","targetHints":{"allow":["GET"]}}],"collection":[{"href":"https:\/\/serbia.com\/srpski\/wp-json\/wp\/v2\/tribe_events"}],"about":[{"href":"https:\/\/serbia.com\/srpski\/wp-json\/wp\/v2\/types\/tribe_events"}],"author":[{"embeddable":true,"href":"https:\/\/serbia.com\/srpski\/wp-json\/wp\/v2\/users\/9"}],"version-history":[{"count":0,"href":"https:\/\/serbia.com\/srpski\/wp-json\/wp\/v2\/tribe_events\/11120\/revisions"}],"wp:featuredmedia":[{"embeddable":true,"href":"https:\/\/serbia.com\/srpski\/wp-json\/wp\/v2\/media\/11121"}],"wp:attachment":[{"href":"https:\/\/serbia.com\/srpski\/wp-json\/wp\/v2\/media?parent=11120"}],"wp:term":[{"taxonomy":"post_tag","embeddable":true,"href":"https:\/\/serbia.com\/srpski\/wp-json\/wp\/v2\/tags?post=11120"},{"taxonomy":"tribe_events_cat","embeddable":true,"href":"https:\/\/serbia.com\/srpski\/wp-json\/wp\/v2\/tribe_events_cat?post=11120"}],"curies":[{"name":"wp","href":"https:\/\/api.w.org\/{rel}","templated":true}]}}