{"id":34652,"date":"2015-07-06T12:43:33","date_gmt":"2015-07-06T10:43:33","guid":{"rendered":"http:\/\/www.serbia.com\/?page_id=34652"},"modified":"2015-07-06T12:43:33","modified_gmt":"2015-07-06T10:43:33","slug":"istorija-srpske-knjizevnosti","status":"publish","type":"page","link":"https:\/\/serbia.com\/srpski\/o-srbiji\/kultura\/knjizevnost\/istorija-srpske-knjizevnosti\/","title":{"rendered":"Istorija srpske knji\u017eevnosti"},"content":{"rendered":"<p>Po\u010deci srpske pismenosti vezuju se za dva u\u010dena Grka iz Soluna, \u0106irila i Metodija. Njihov misionarski rad iznedrio je glagoljicu &#8211; prvo slovensko pismo nastalo u drugoj polovini 9. veka. U to doba uticaji vizantijske kulturne orijentacije bili su dominatni u svim kulturnim oblastima, a staroslovenska knji\u017eevnost prevashodno se zasnivala na prevodima sa gr\u010dkog jezika.<\/p>\n<p>Knji\u017eevnost srednjovekovne Srbije tesno je povezana s usponom dr\u017eave Nemanji\u0107a, a njena forma je bila izrazito duhovna i religiozna. Tvorci ove knji\u017eevnosti \u010dije su osnovne knji\u017eevne vrste \u017eitija i liturgijske himnografije, bila su crkvena lica. Tek u poznom srednjem veku javljaju se pojedini knji\u017eevni tekstovi koji na neposredniji na\u010din izra\u017eavaju li\u010dnost svojih autora.<\/p>\n<p>Krajem XIV i po\u010detkom XV veka naziru se za\u010deci renesanse. Te\u017enje ka sekularizaciji kulture, individualizmu i bu\u0111enju interesovanja za antiku, javljaju se u vreme Despota Stefana. On je bio inicijator knji\u017eevne obnove i ktitor manastira Manasija u kojoj je osnovana \u010duvena \u201cResavska \u0161kola\u201d. Knji\u017eevnost sve vi\u0161e dobija umetni\u010dki, poetski i lirski karakter, \u0161to vodi ka knji\u017eevnosti u modernom smislu.<\/p>\n<p>Posle pada srpskih srednjovekovnih dr\u017eava pod Turke, rad na knjizi nije prestao. Zapravo, najve\u0107i deo stare srpske biblioteke sa\u010duvan je u rukopisima koji poti\u010du iz turskih vremena. Tome je svakako doprinela prva \u0107irilska \u0161tamparija osnovana 1493. godine. Ipak, originalno knji\u017eevno stvaranje bilo je u velikom opadanju, \u0161tamparije su se zatvarale, a glavni metod umno\u017eavanja dela ostao je prepisiva\u010dki.<\/p>\n<p>Sa druge strane, zastoj u srpskoj srednjovekovnoj kulturi pogodovao je razvoju narodnog usmenog stvarala\u0161tva. U vremenima kada je srpski narod usled pada u tursko ropstvo bio isklju\u010den iz evropskih kulturnih kretanja, narodna knji\u017eevnost preuzela je na sebe mnoge funkcije pisane re\u010di i umetni\u010dke knji\u017eevnosti. Otuda je srpska narodna pesma postala osnovni knji\u017eevno-umetni\u010dki izraz naroda.<\/p>\n<p>Ipak, do preokreta sa dalekose\u017enim posledicama dolazi usled velikih seoba Srba. Tada su otvorene mogu\u0107nosti za dublji kulturni preobra\u017eaj i stvaranje nove, gra\u0111anske kulture po zapadnoevropskom modelu. Ta tendecija ostvari\u0107e se sa <a href=\"http:\/\/www.serbia.com\/srpski\/dositej-obradovic\/\">Dositejem Obradovi\u0107em<\/a>, a do tada \u0107e se me\u0161ati elementi starog i novog, duhovnog i svetovnog, srednjovekovnog i novovekovnog, crkvenog i gra\u0111anskog.<\/p>\n<p>U poslednjim decenijama XVIII i prvim godinama XIX veka posredstvom prvog srpskog ministra prosvete Dositeja Obradovi\u0107a, raskinuto je sa vi\u0161evekovnom crkvenoslovenskom tradicijom i zapo\u010deto je novo, gra\u0111ansko doba srpske knji\u017eevnosti. Ovaj period obele\u017eio je i knji\u017eevni pravac sentimentalizam, u kome se najpotpunije razvijao srpski roman . Me\u0111utim, novonastaloj knji\u017eevnosti nedostajalo je srpskog duha, stvarnosti i narodnog \u017eivota. Ovaj problem re\u0161i\u0107e reformator srpskog jezika, <a href=\"http:\/\/www.serbia.com\/srpski\/vuk-stefanovic-karadzic-otac-savremenog-srpskog-jezika\/\">Vuk Stefanovi\u0107 Karad\u017ei\u0107<\/a>.<\/p>\n<p>Srspki ustanak, Vuk Karad\u017ei\u0107 i narodna pesma, tri momenta koja stoje u tesnoj me\u0111usobnoj povezanosti, \u010dine osnovicu na kojoj se po\u010dela izgra\u0111ivati i kojoj se stalno vra\u0107ala srpska knji\u017eevnost XIX I XX veka. U ovom periodu razvijale su se narodne pesme, a krajem veka i izvorna srpska drama. Nadalje, romantizam postaje vode\u0107i knji\u017eevni pravac, u \u010dijem jeku se javljaju i realisti\u010dki pisci.<\/p>\n<p>Pravac koji je obele\u017eio razdoblje koje se zavr\u0161avilo sa Prvim svetskim ratom je moderna. Ona donosi ponovni zaokret ka zapadnoevropskim uticajima, a glavnu ulogu odigrao je \u010dasopis \u201cSrpski knji\u017eevni glasnik\u201d. Uporedo sa modernom, razvijaju se i moderna srpska kritika i pesni\u010dki izraz. O\u017eivljavanje knji\u017eevnog \u017eivota po\u010delo je jo\u0161 za vreme rata, a u narednom periodu nastaju i razvijaju se mnogobrojni moderni pravci poput ekspresionizma, futurizma, nadrealizma, dadaizma, sumatrizma i drugih.<\/p>\n<p>Tridesetih godina javlja se pokret socijalne literature koji se ogleda u knji\u017eevnosti narodnooslobodila\u010dke borbe i socijalisti\u010dkih preobra\u017eaja. Srpska knji\u017eevnost XX veka donela je i punu afirmaciju \u017eenskog stvaranja, a sintezu tradicionalnog i modernog ostvario je najzna\u010dajniji pisac ovog veka \u2013 <a href=\"http:\/\/www.serbia.com\/srpski\/ivo-andric-nobelovac-2\/\">Ivo Andri\u0107<\/a>.<\/p>\n<p>Nastavak socijalne literature donela je knji\u017eevnost NOB-a, nakon koje na knji\u017eevnu scenu stupa posleratna knji\u017eevnost. Sada savremena stvarnost postaje imperative knji\u017eevnosti, ponovo se pojavljuju razli\u010dite knji\u017eevne struje, ali uprkos svemu ovo razdoblje odlikuje dinamika knji\u017eevnog razvitka i zna\u010dajni stvarala\u010dki razultati.[ultimate_spacer height=&#8221;30&#8243;][dt_fancy_title title=&#8221;Povezani \u010dlanci&#8221; title_align=&#8221;left&#8221; title_size=&#8221;normal&#8221; title_color=&#8221;accent&#8221; el_width=&#8221;100&#8243; title_bg=&#8221;disabled&#8221; separator_color=&#8221;default&#8221;][ultimate_spacer height=&#8221;30&#8243; height_on_tabs=&#8221;&#8221; height_on_tabs_portrait=&#8221;&#8221; height_on_mob_landscape=&#8221;&#8221; height_on_mob=&#8221;&#8221;]<\/p>\n","protected":false},"excerpt":{"rendered":"<p>Po\u010deci srpske pismenosti vezuju se za dva u\u010dena Grka iz Soluna, \u0106irila i Metodija. Njihov misionarski rad iznedrio je glagoljicu &#8211; prvo slovensko pismo nastalo u drugoj polovini 9. veka. [&hellip;]<\/p>\n","protected":false},"author":27,"featured_media":30567,"parent":20183,"menu_order":0,"comment_status":"closed","ping_status":"closed","template":"","meta":{"_acf_changed":false,"inline_featured_image":false,"_monsterinsights_skip_tracking":false,"_monsterinsights_sitenote_active":false,"_monsterinsights_sitenote_note":"","_monsterinsights_sitenote_category":0,"footnotes":""},"categories":[979],"tags":[],"class_list":["post-34652","page","type-page","status-publish","has-post-thumbnail","hentry","category-knjizevnost-kultura-otkrijte-srbiju"],"acf":[],"yoast_head":"<!-- This site is optimized with the Yoast SEO plugin v27.4 - https:\/\/yoast.com\/product\/yoast-seo-wordpress\/ -->\n<title>Istorija srpske knji\u017eevnosti - Serbia.com<\/title>\n<meta name=\"robots\" content=\"index, follow, max-snippet:-1, max-image-preview:large, max-video-preview:-1\" \/>\n<link rel=\"canonical\" href=\"https:\/\/serbia.com\/srpski\/o-srbiji\/kultura\/knjizevnost\/istorija-srpske-knjizevnosti\/\" \/>\n<meta property=\"og:locale\" content=\"en_US\" \/>\n<meta property=\"og:type\" content=\"article\" \/>\n<meta property=\"og:title\" content=\"Istorija srpske knji\u017eevnosti - Serbia.com\" \/>\n<meta property=\"og:description\" content=\"Po\u010deci srpske pismenosti vezuju se za dva u\u010dena Grka iz Soluna, \u0106irila i Metodija. Njihov misionarski rad iznedrio je glagoljicu &#8211; prvo slovensko pismo nastalo u drugoj polovini 9. veka. [&hellip;]\" \/>\n<meta property=\"og:url\" content=\"https:\/\/serbia.com\/srpski\/o-srbiji\/kultura\/knjizevnost\/istorija-srpske-knjizevnosti\/\" \/>\n<meta property=\"og:site_name\" content=\"Serbia.com\" \/>\n<meta property=\"og:image\" content=\"https:\/\/serbia.com\/wp-content\/uploads\/2015\/04\/\u0107irilica1.jpg\" \/>\n\t<meta property=\"og:image:width\" content=\"1050\" \/>\n\t<meta property=\"og:image:height\" content=\"580\" \/>\n\t<meta property=\"og:image:type\" content=\"image\/jpeg\" \/>\n<meta name=\"twitter:label1\" content=\"Est. reading time\" \/>\n\t<meta name=\"twitter:data1\" content=\"4 minutes\" \/>\n<script type=\"application\/ld+json\" class=\"yoast-schema-graph\">{\"@context\":\"https:\\\/\\\/schema.org\",\"@graph\":[{\"@type\":\"WebPage\",\"@id\":\"https:\\\/\\\/serbia.com\\\/srpski\\\/o-srbiji\\\/kultura\\\/knjizevnost\\\/istorija-srpske-knjizevnosti\\\/\",\"url\":\"https:\\\/\\\/serbia.com\\\/srpski\\\/o-srbiji\\\/kultura\\\/knjizevnost\\\/istorija-srpske-knjizevnosti\\\/\",\"name\":\"Istorija srpske knji\u017eevnosti - Serbia.com\",\"isPartOf\":{\"@id\":\"https:\\\/\\\/serbia.com\\\/#website\"},\"primaryImageOfPage\":{\"@id\":\"https:\\\/\\\/serbia.com\\\/srpski\\\/o-srbiji\\\/kultura\\\/knjizevnost\\\/istorija-srpske-knjizevnosti\\\/#primaryimage\"},\"image\":{\"@id\":\"https:\\\/\\\/serbia.com\\\/srpski\\\/o-srbiji\\\/kultura\\\/knjizevnost\\\/istorija-srpske-knjizevnosti\\\/#primaryimage\"},\"thumbnailUrl\":\"https:\\\/\\\/serbia.com\\\/wp-content\\\/uploads\\\/2015\\\/04\\\/\u0107irilica1.jpg\",\"datePublished\":\"2015-07-06T10:43:33+00:00\",\"breadcrumb\":{\"@id\":\"https:\\\/\\\/serbia.com\\\/srpski\\\/o-srbiji\\\/kultura\\\/knjizevnost\\\/istorija-srpske-knjizevnosti\\\/#breadcrumb\"},\"inLanguage\":\"srpski\",\"potentialAction\":[{\"@type\":\"ReadAction\",\"target\":[\"https:\\\/\\\/serbia.com\\\/srpski\\\/o-srbiji\\\/kultura\\\/knjizevnost\\\/istorija-srpske-knjizevnosti\\\/\"]}]},{\"@type\":\"ImageObject\",\"inLanguage\":\"srpski\",\"@id\":\"https:\\\/\\\/serbia.com\\\/srpski\\\/o-srbiji\\\/kultura\\\/knjizevnost\\\/istorija-srpske-knjizevnosti\\\/#primaryimage\",\"url\":\"https:\\\/\\\/serbia.com\\\/wp-content\\\/uploads\\\/2015\\\/04\\\/\u0107irilica1.jpg\",\"contentUrl\":\"https:\\\/\\\/serbia.com\\\/wp-content\\\/uploads\\\/2015\\\/04\\\/\u0107irilica1.jpg\",\"width\":1050,\"height\":580},{\"@type\":\"BreadcrumbList\",\"@id\":\"https:\\\/\\\/serbia.com\\\/srpski\\\/o-srbiji\\\/kultura\\\/knjizevnost\\\/istorija-srpske-knjizevnosti\\\/#breadcrumb\",\"itemListElement\":[{\"@type\":\"ListItem\",\"position\":1,\"name\":\"Home\",\"item\":\"https:\\\/\\\/serbia.com\\\/srpski\\\/\"},{\"@type\":\"ListItem\",\"position\":2,\"name\":\"O Srbiji\",\"item\":\"https:\\\/\\\/serbia.com\\\/srpski\\\/o-srbiji\\\/\"},{\"@type\":\"ListItem\",\"position\":3,\"name\":\"Kultura\",\"item\":\"https:\\\/\\\/serbia.com\\\/srpski\\\/o-srbiji\\\/kultura\\\/\"},{\"@type\":\"ListItem\",\"position\":4,\"name\":\"Knji\u017eevnost\",\"item\":\"https:\\\/\\\/serbia.com\\\/srpski\\\/o-srbiji\\\/kultura\\\/knjizevnost\\\/\"},{\"@type\":\"ListItem\",\"position\":5,\"name\":\"Istorija srpske knji\u017eevnosti\"}]},{\"@type\":\"WebSite\",\"@id\":\"https:\\\/\\\/serbia.com\\\/#website\",\"url\":\"https:\\\/\\\/serbia.com\\\/\",\"name\":\"Serbia.com\",\"description\":\"Your Gateway to Serbia\",\"potentialAction\":[{\"@type\":\"SearchAction\",\"target\":{\"@type\":\"EntryPoint\",\"urlTemplate\":\"https:\\\/\\\/serbia.com\\\/?s={search_term_string}\"},\"query-input\":{\"@type\":\"PropertyValueSpecification\",\"valueRequired\":true,\"valueName\":\"search_term_string\"}}],\"inLanguage\":\"srpski\"}]}<\/script>\n<!-- \/ Yoast SEO plugin. -->","yoast_head_json":{"title":"Istorija srpske knji\u017eevnosti - Serbia.com","robots":{"index":"index","follow":"follow","max-snippet":"max-snippet:-1","max-image-preview":"max-image-preview:large","max-video-preview":"max-video-preview:-1"},"canonical":"https:\/\/serbia.com\/srpski\/o-srbiji\/kultura\/knjizevnost\/istorija-srpske-knjizevnosti\/","og_locale":"en_US","og_type":"article","og_title":"Istorija srpske knji\u017eevnosti - Serbia.com","og_description":"Po\u010deci srpske pismenosti vezuju se za dva u\u010dena Grka iz Soluna, \u0106irila i Metodija. Njihov misionarski rad iznedrio je glagoljicu &#8211; prvo slovensko pismo nastalo u drugoj polovini 9. veka. [&hellip;]","og_url":"https:\/\/serbia.com\/srpski\/o-srbiji\/kultura\/knjizevnost\/istorija-srpske-knjizevnosti\/","og_site_name":"Serbia.com","og_image":[{"width":1050,"height":580,"url":"https:\/\/serbia.com\/wp-content\/uploads\/2015\/04\/\u0107irilica1.jpg","type":"image\/jpeg"}],"twitter_misc":{"Est. reading time":"4 minutes"},"schema":{"@context":"https:\/\/schema.org","@graph":[{"@type":"WebPage","@id":"https:\/\/serbia.com\/srpski\/o-srbiji\/kultura\/knjizevnost\/istorija-srpske-knjizevnosti\/","url":"https:\/\/serbia.com\/srpski\/o-srbiji\/kultura\/knjizevnost\/istorija-srpske-knjizevnosti\/","name":"Istorija srpske knji\u017eevnosti - Serbia.com","isPartOf":{"@id":"https:\/\/serbia.com\/#website"},"primaryImageOfPage":{"@id":"https:\/\/serbia.com\/srpski\/o-srbiji\/kultura\/knjizevnost\/istorija-srpske-knjizevnosti\/#primaryimage"},"image":{"@id":"https:\/\/serbia.com\/srpski\/o-srbiji\/kultura\/knjizevnost\/istorija-srpske-knjizevnosti\/#primaryimage"},"thumbnailUrl":"https:\/\/serbia.com\/wp-content\/uploads\/2015\/04\/\u0107irilica1.jpg","datePublished":"2015-07-06T10:43:33+00:00","breadcrumb":{"@id":"https:\/\/serbia.com\/srpski\/o-srbiji\/kultura\/knjizevnost\/istorija-srpske-knjizevnosti\/#breadcrumb"},"inLanguage":"srpski","potentialAction":[{"@type":"ReadAction","target":["https:\/\/serbia.com\/srpski\/o-srbiji\/kultura\/knjizevnost\/istorija-srpske-knjizevnosti\/"]}]},{"@type":"ImageObject","inLanguage":"srpski","@id":"https:\/\/serbia.com\/srpski\/o-srbiji\/kultura\/knjizevnost\/istorija-srpske-knjizevnosti\/#primaryimage","url":"https:\/\/serbia.com\/wp-content\/uploads\/2015\/04\/\u0107irilica1.jpg","contentUrl":"https:\/\/serbia.com\/wp-content\/uploads\/2015\/04\/\u0107irilica1.jpg","width":1050,"height":580},{"@type":"BreadcrumbList","@id":"https:\/\/serbia.com\/srpski\/o-srbiji\/kultura\/knjizevnost\/istorija-srpske-knjizevnosti\/#breadcrumb","itemListElement":[{"@type":"ListItem","position":1,"name":"Home","item":"https:\/\/serbia.com\/srpski\/"},{"@type":"ListItem","position":2,"name":"O Srbiji","item":"https:\/\/serbia.com\/srpski\/o-srbiji\/"},{"@type":"ListItem","position":3,"name":"Kultura","item":"https:\/\/serbia.com\/srpski\/o-srbiji\/kultura\/"},{"@type":"ListItem","position":4,"name":"Knji\u017eevnost","item":"https:\/\/serbia.com\/srpski\/o-srbiji\/kultura\/knjizevnost\/"},{"@type":"ListItem","position":5,"name":"Istorija srpske knji\u017eevnosti"}]},{"@type":"WebSite","@id":"https:\/\/serbia.com\/#website","url":"https:\/\/serbia.com\/","name":"Serbia.com","description":"Your Gateway to Serbia","potentialAction":[{"@type":"SearchAction","target":{"@type":"EntryPoint","urlTemplate":"https:\/\/serbia.com\/?s={search_term_string}"},"query-input":{"@type":"PropertyValueSpecification","valueRequired":true,"valueName":"search_term_string"}}],"inLanguage":"srpski"}]}},"brizy_media":[],"_links":{"self":[{"href":"https:\/\/serbia.com\/srpski\/wp-json\/wp\/v2\/pages\/34652","targetHints":{"allow":["GET"]}}],"collection":[{"href":"https:\/\/serbia.com\/srpski\/wp-json\/wp\/v2\/pages"}],"about":[{"href":"https:\/\/serbia.com\/srpski\/wp-json\/wp\/v2\/types\/page"}],"author":[{"embeddable":true,"href":"https:\/\/serbia.com\/srpski\/wp-json\/wp\/v2\/users\/27"}],"replies":[{"embeddable":true,"href":"https:\/\/serbia.com\/srpski\/wp-json\/wp\/v2\/comments?post=34652"}],"version-history":[{"count":0,"href":"https:\/\/serbia.com\/srpski\/wp-json\/wp\/v2\/pages\/34652\/revisions"}],"up":[{"embeddable":true,"href":"https:\/\/serbia.com\/srpski\/wp-json\/wp\/v2\/pages\/20183"}],"wp:featuredmedia":[{"embeddable":true,"href":"https:\/\/serbia.com\/srpski\/wp-json\/wp\/v2\/media\/30567"}],"wp:attachment":[{"href":"https:\/\/serbia.com\/srpski\/wp-json\/wp\/v2\/media?parent=34652"}],"wp:term":[{"taxonomy":"category","embeddable":true,"href":"https:\/\/serbia.com\/srpski\/wp-json\/wp\/v2\/categories?post=34652"},{"taxonomy":"post_tag","embeddable":true,"href":"https:\/\/serbia.com\/srpski\/wp-json\/wp\/v2\/tags?post=34652"}],"curies":[{"name":"wp","href":"https:\/\/api.w.org\/{rel}","templated":true}]}}