{"id":31539,"date":"2015-05-06T14:01:52","date_gmt":"2015-05-06T12:01:52","guid":{"rendered":"http:\/\/www.serbia.com\/?page_id=31539"},"modified":"2025-10-08T15:41:45","modified_gmt":"2025-10-08T13:41:45","slug":"valjevo-grad-sa-dve-carsije","status":"publish","type":"page","link":"https:\/\/serbia.com\/srpski\/posetite-srbiju\/gradovi\/valjevo-grad-sa-dve-carsije\/","title":{"rendered":"Valjevo, grad sa dve \u010dar\u0161ije"},"content":{"rendered":"<h4>\u017divot Valjeva od davnina buja u dve \u010dar\u0161ije od kojih jedna \u010duva duh orijenta, a druga stil Evrope 19. veka, dok njihov autenti\u010dni izgled slu\u017ei kao ambijent za mnoga kulturna de\u0161avanja. Valjevo je poznato kao grad u kome se nalazi jedan od najboljih muzeja Srbije, ali i kao grad koji le\u017ei na obalama \u010detiri reke me\u0111u kojima je i reka Gradac, jedna od naj\u010distijih u Evropi.<\/h4>\n<p>Valjevo je jedan od retkih gradova koji ima dve \u010dar\u0161ije. I to jednu naspram druge, kao simboli\u010dan kontrast Istoka i Zapada i njihovog vekovnog sudarnja ba\u0161 na teritoriji Srbije. Deli ih reka Kolubara.<\/p>\n<blockquote><p><em>Grad \u2013 bolnica<\/em><\/p>\n<p><em>Tokom Prvog svetskog rata Valjevo je jedno vreme bilo sedi\u0161te \u0161taba srpske vojske, a u njegovoj neposrednoj okolini, pod komandom Valjevca, vojvode \u017divojina Mi\u0161i\u0107a, srpska vojska je u \u010duvenoj Kolubarskoj bici porazila austrougarske trupe. Ipak, pretrpela je i velike gubitke, a imala je mnogo ranjenika. Zbog toga je ceo grad pretvoren u ogromnu ratnu bolnicu u kojoj su le\u017eali ranjenici, kao i oboleli od velike epidemije tifusa.<\/em><\/p><\/blockquote>\n<p>Uz njenu desnu obalu se prostire <strong>Te\u0161njar, stara \u010da\u0161ija orijentlnog stila<\/strong>. Male zanatske radnjice, niske ku\u0107ice i kaldrma \u010dine da Te\u0161njar izgleda kao da je zaspao u doba turskih pa\u0161a i srpskih ustanika. Sve dok ih avgustom ne probude <strong>\u201cTe\u0161njarske ve\u010deri\u201d<\/strong> u kojima ova \u010dar\u0161ija u nekoliko dana promeni mnoga lica umetnosti, a najvi\u0161e pozori\u0161ne i filmske.<\/p>\n<p>Nasuprot orijentalnom Te\u0161njaru, <strong>Knez Milo\u0161 Obrenovi\u0107<\/strong> je s po\u010detka 19. veka naredio da se na levoj obali Kolubare napravi ulica tj. <strong>\u010detvrt koja \u0107e biti ure\u0111ena na onda\u0161nji evropski na\u010din<\/strong>. Podizanjem trgova\u010dkih i ugostiteljskih objekata, zanatskih radnji i hotela ova ulica je vremenom postajala jezgro gradskog \u017eivota, ali kao i Te\u0161njar, pozornica za mnoga kulturno-umetni\u010dka de\u0161avanja i ambijent za snimanje filmova i serija.<\/p>\n<p>Vrevu starih \u010dar\u0161ija, zvuke zanatske radionice u kojoj tinja kova\u010dka vatra, violinu prvog gradskog apotekara u Valjevu mogu\u0107e je do\u017eiveti i danas i to u jednom od najboljih muzeja Srbije, <strong>Narodnom muzeju Valjeva<\/strong>. Njegove \u201cvremenske kapije\u201d trodimenzionalno do\u010daravaju sve periode u razvoju grada: od neolitskih grn\u010darskih radionica, preko turske \u010dar\u0161ije, upara\u0111enh gra\u0111ana koji do\u010dekuju prvi voz, do ratnog kabineta vojvode <a title=\"Srpske vojvode iz Prvog svetskog rata\" href=\"http:\/\/www.serbia.com\/srpski\/srpske-vojvode-iz-prvog-svetskog-rata\/\">\u017divojina Mi\u0161i\u0107a<\/a> sa Solunskog fronta\u2026<\/p>\n<p>Deo muzejskog bogatstva Valjeva sme\u0161ten je u <strong>Muselimovom konaku iz 18. veka<\/strong>, najstarijoj sa\u010duvanoj zgradi u Valjevu i to je jedini materijalni ostatak u Srbiji vezan za <strong>\u201cSe\u010du knezova\u201d<\/strong>. Ovaj nemili doga\u0111aj ozna\u010dava nekoliko dana 1804. godine kada je ubijeno preko stotinu vi\u0111enijih Srba koji su pripremali ustanak protiv turske diktature i predstavljao je neposredan povod za izbijanje Prvog srpskog ustanka.<\/p>\n<p>Glave slavnih srpskih knezova <strong>Alekse Nenadovi\u0107a<\/strong> i <strong>Ilije Bir\u010danina<\/strong> bile su javno istaknute na krovu Muselimovog konaka. Danas se u ambijentu stare \u201cturske apsane\u201d u Konaku nalazi muzejska postavka \u201cSe\u010da knezova\u201d. Zbog toga se Valjevu \u010desto pridaje epitet \u201cgrada ustanika i ratnika\u201d, pa su mnogi spomenici kulture vezani za njih.<\/p>\n<p>Jedan od njih je <strong>Brankovina<\/strong>, jednistven spomeni\u010dki kompleks i znamenito mesto na koje su Valjevci izuzetno ponosni a nalazi se na udaljenosti od oko 11 km od grada. Brankovina je poznata po zaslu\u017enim li\u010dnostima, njihovim spomenicima i Crkvi Svetih Arhan\u0111ela iz 1830. godine, zadu\u017ebini Prote Mateje Nenadovi\u0107a, vojvode Prvog srpskog ustanka.<\/p>\n<p>Sada\u0161nja riznica crkve \u010duva krst relikvijar iz X veka, Veliko jevan\u0111elje koje je Prota doneo kao poklon ruskog cara i mnoge vredne ikone. U crkvenoj porti se mogu videti sobra\u0161ice, stare drvene ku\u0107ice za porodi\u010dna okupljanja u vreme crkvenih praznika. A osim grobova Nenadovi\u0107a, ovde se nalazi i humka poznate srpske pesnikinje <strong><a title=\"Desanka Maksimovi\u0107, kad srce pi\u0161e stihove\" href=\"http:\/\/www.serbia.com\/srpski\/desanka-maksimovic-kad-srce-pise-stihove\/\">Desanke Maksimovi\u0107<\/a><\/strong>.<\/p>\n<p>Valjevo je poznato jo\u0161 po <strong>kuli Nenadovi\u0107a iz 1813. godine<\/strong>, <strong>Hramu Vaznesenja Hristovog, iz 1992. godine<\/strong>, koji je drugi po veli\u010dini u Srbiji, ali i po brojnim spomenicima od kojih je <strong>spomenik borcima revolucije<\/strong> (sa likom Stjepana Filipovi\u0107a) na brdu Vidrak jedan od najve\u0107ih vajarskih prikaza cele ljudske figure na svetu.<\/p>\n<p>U savr\u0161enom prirodnom okr\u017eenju okoline grada nalazi se nekoliko manastira, a najstariji i najlep\u0161i od njih je <strong>manastir Pustinja<\/strong> u kanjonu reke Jablanice. Manastir poti\u010de iz 1622. godine kada je i \u017eivopisan, a najvrednija u njemu je freska Jovana Krstitelja.<\/p>\n<p>Rasuto ispod venca Valjevskih planina u \u010dijoj blizini se nalazi zimski turisti\u010dki centar Div\u010dibare, Valjevo je uvek otvoreno da svim posetiocima poka\u017ee da nije samo \u201cgrad ratnika i ustanika\u201d ve\u0107 i grad sa nestvarnom \u017eivopisnom prirodom i velikim kulturnim i umetni\u010dkim bogatstvom.<\/p>\n<h4>Kako do\u0107i do \u201cgrada na \u010detiri reke\u201d?<\/h4>\n<p>Valjevo je od <a title=\"Beograd\" href=\"http:\/\/www.serbia.com\/srpski\/posetite-srbiju\/sta-videti\/gradovi\/beograd\/\">Beograda<\/a> udaljeno 96 km, od <a title=\"Novi Sad\" href=\"http:\/\/www.serbia.com\/srpski\/posetite-srbiju\/sta-videti\/gradovi\/novi-sad\/\">Novog Sada<\/a> 134 km. Do njega se mo\u017ee sti\u0107i i \u017eelezni\u010dkom prugom koja od Beograda vodi do jadranske luke Bar. Najbli\u017ei putni\u010dki aerodrom je u Beogradu, a sportski aerodrom u Divcima, udaljen je od grada 12 km. Iz svih ve\u0107ih gradova u Srbiji postoje redovni autobuski polasci do Valjeva.<\/p>\n<h4>Kada ste ve\u0107 ovde, ne propustite\u2026<\/h4>\n<p>Na samo 7 km od grada kod sela Petnica nalazi se <strong>Petni\u010dka pe\u0107ina<\/strong> koja se sastoji od oko 600m dugih kanala i brojnih odaja. U njoj i oko nje su prona\u0111ena najstarija svedo\u010danstva o \u017eivotu ljudi u Zapadnoj Srbiji, pa je 1982. godine ovde napravaljena Istra\u017eiva\u010dka stanica.<\/p>\n<p>Ne propustite da osim <strong>manastira Pustinja<\/strong>, obi\u0111ete i druge manastire valjevskog kraja <strong>Manastir Leli\u0107<\/strong>, <strong>Manastir \u0106elije<\/strong>,<strong> Manastir Jovanja.<\/strong><\/p>\n<p>Sela u okolini Valjeva, rasuta po vencu valjevskih planina Jablanika, Medvednika, Povlena, Maljena i Suvobora koja i dalje \u010duvaju tradicije i obi\u010daje srpskog seljaka iz 19. veka.<\/p>\n<p>U aprilu ne propustite <strong>Zlatni opanak<\/strong>, me\u0111unarodni festival folklora, <strong>Dane malina u Brankovini<\/strong> krajem juna, <strong>D\u017eez festival<\/strong> u oktobru i <strong>\u201cKosidbu na Rajcu\u201d<\/strong>, smotru tradicionalnih izvornih sadr\u017eaja u \u010dast kosidbe i seoskih moba.<\/p>\n<p>Za vi\u0161e informacija o Valjevu, posetite sajt Turisti\u010dke organizacije Valjeva: tov.rs<\/p>\n","protected":false},"excerpt":{"rendered":"<p>\u017divot Valjeva od davnina buja u dve \u010dar\u0161ije od kojih jedna \u010duva duh orijenta, a druga stil Evrope 19. veka, dok njihov autenti\u010dni izgled slu\u017ei kao ambijent za mnoga kulturna [&hellip;]<\/p>\n","protected":false},"author":27,"featured_media":62767,"parent":20433,"menu_order":0,"comment_status":"closed","ping_status":"closed","template":"","meta":{"_acf_changed":false,"inline_featured_image":false,"_monsterinsights_skip_tracking":false,"_monsterinsights_sitenote_active":false,"_monsterinsights_sitenote_note":"","_monsterinsights_sitenote_category":0,"footnotes":""},"categories":[1672],"tags":[],"class_list":["post-31539","page","type-page","status-publish","has-post-thumbnail","hentry","category-gradovi"],"acf":[],"yoast_head":"<!-- This site is optimized with the Yoast SEO plugin v27.4 - https:\/\/yoast.com\/product\/yoast-seo-wordpress\/ -->\n<title>Valjevo, grad sa dve \u010dar\u0161ije - Serbia.com<\/title>\n<meta name=\"robots\" content=\"index, follow, max-snippet:-1, max-image-preview:large, max-video-preview:-1\" \/>\n<link rel=\"canonical\" href=\"https:\/\/serbia.com\/srpski\/posetite-srbiju\/gradovi\/valjevo-grad-sa-dve-carsije\/\" \/>\n<meta property=\"og:locale\" content=\"en_US\" \/>\n<meta property=\"og:type\" content=\"article\" \/>\n<meta property=\"og:title\" content=\"Valjevo, grad sa dve \u010dar\u0161ije - Serbia.com\" \/>\n<meta property=\"og:description\" content=\"\u017divot Valjeva od davnina buja u dve \u010dar\u0161ije od kojih jedna \u010duva duh orijenta, a druga stil Evrope 19. veka, dok njihov autenti\u010dni izgled slu\u017ei kao ambijent za mnoga kulturna [&hellip;]\" \/>\n<meta property=\"og:url\" content=\"https:\/\/serbia.com\/srpski\/posetite-srbiju\/gradovi\/valjevo-grad-sa-dve-carsije\/\" \/>\n<meta property=\"og:site_name\" content=\"Serbia.com\" \/>\n<meta property=\"article:modified_time\" content=\"2025-10-08T13:41:45+00:00\" \/>\n<meta property=\"og:image\" content=\"https:\/\/serbia.com\/wp-content\/uploads\/2025\/10\/eastern-serbia-7-1.jpg\" \/>\n\t<meta property=\"og:image:width\" content=\"1366\" \/>\n\t<meta property=\"og:image:height\" content=\"768\" \/>\n\t<meta property=\"og:image:type\" content=\"image\/jpeg\" \/>\n<meta name=\"twitter:label1\" content=\"Est. reading time\" \/>\n\t<meta name=\"twitter:data1\" content=\"4 minutes\" \/>\n<script type=\"application\/ld+json\" class=\"yoast-schema-graph\">{\"@context\":\"https:\\\/\\\/schema.org\",\"@graph\":[{\"@type\":\"WebPage\",\"@id\":\"https:\\\/\\\/serbia.com\\\/srpski\\\/posetite-srbiju\\\/gradovi\\\/valjevo-grad-sa-dve-carsije\\\/\",\"url\":\"https:\\\/\\\/serbia.com\\\/srpski\\\/posetite-srbiju\\\/gradovi\\\/valjevo-grad-sa-dve-carsije\\\/\",\"name\":\"Valjevo, grad sa dve \u010dar\u0161ije - Serbia.com\",\"isPartOf\":{\"@id\":\"https:\\\/\\\/serbia.com\\\/#website\"},\"primaryImageOfPage\":{\"@id\":\"https:\\\/\\\/serbia.com\\\/srpski\\\/posetite-srbiju\\\/gradovi\\\/valjevo-grad-sa-dve-carsije\\\/#primaryimage\"},\"image\":{\"@id\":\"https:\\\/\\\/serbia.com\\\/srpski\\\/posetite-srbiju\\\/gradovi\\\/valjevo-grad-sa-dve-carsije\\\/#primaryimage\"},\"thumbnailUrl\":\"https:\\\/\\\/serbia.com\\\/wp-content\\\/uploads\\\/2025\\\/10\\\/eastern-serbia-7-1.jpg\",\"datePublished\":\"2015-05-06T12:01:52+00:00\",\"dateModified\":\"2025-10-08T13:41:45+00:00\",\"breadcrumb\":{\"@id\":\"https:\\\/\\\/serbia.com\\\/srpski\\\/posetite-srbiju\\\/gradovi\\\/valjevo-grad-sa-dve-carsije\\\/#breadcrumb\"},\"inLanguage\":\"srpski\",\"potentialAction\":[{\"@type\":\"ReadAction\",\"target\":[\"https:\\\/\\\/serbia.com\\\/srpski\\\/posetite-srbiju\\\/gradovi\\\/valjevo-grad-sa-dve-carsije\\\/\"]}]},{\"@type\":\"ImageObject\",\"inLanguage\":\"srpski\",\"@id\":\"https:\\\/\\\/serbia.com\\\/srpski\\\/posetite-srbiju\\\/gradovi\\\/valjevo-grad-sa-dve-carsije\\\/#primaryimage\",\"url\":\"https:\\\/\\\/serbia.com\\\/wp-content\\\/uploads\\\/2025\\\/10\\\/eastern-serbia-7-1.jpg\",\"contentUrl\":\"https:\\\/\\\/serbia.com\\\/wp-content\\\/uploads\\\/2025\\\/10\\\/eastern-serbia-7-1.jpg\",\"width\":1366,\"height\":768},{\"@type\":\"BreadcrumbList\",\"@id\":\"https:\\\/\\\/serbia.com\\\/srpski\\\/posetite-srbiju\\\/gradovi\\\/valjevo-grad-sa-dve-carsije\\\/#breadcrumb\",\"itemListElement\":[{\"@type\":\"ListItem\",\"position\":1,\"name\":\"Home\",\"item\":\"https:\\\/\\\/serbia.com\\\/srpski\\\/\"},{\"@type\":\"ListItem\",\"position\":2,\"name\":\"Poseti Srbiju\",\"item\":\"https:\\\/\\\/serbia.com\\\/srpski\\\/posetite-srbiju\\\/\"},{\"@type\":\"ListItem\",\"position\":3,\"name\":\"Gradovi\",\"item\":\"https:\\\/\\\/serbia.com\\\/srpski\\\/posetite-srbiju\\\/gradovi\\\/\"},{\"@type\":\"ListItem\",\"position\":4,\"name\":\"Valjevo, grad sa dve \u010dar\u0161ije\"}]},{\"@type\":\"WebSite\",\"@id\":\"https:\\\/\\\/serbia.com\\\/#website\",\"url\":\"https:\\\/\\\/serbia.com\\\/\",\"name\":\"Serbia.com\",\"description\":\"Your Gateway to Serbia\",\"potentialAction\":[{\"@type\":\"SearchAction\",\"target\":{\"@type\":\"EntryPoint\",\"urlTemplate\":\"https:\\\/\\\/serbia.com\\\/?s={search_term_string}\"},\"query-input\":{\"@type\":\"PropertyValueSpecification\",\"valueRequired\":true,\"valueName\":\"search_term_string\"}}],\"inLanguage\":\"srpski\"}]}<\/script>\n<!-- \/ Yoast SEO plugin. -->","yoast_head_json":{"title":"Valjevo, grad sa dve \u010dar\u0161ije - Serbia.com","robots":{"index":"index","follow":"follow","max-snippet":"max-snippet:-1","max-image-preview":"max-image-preview:large","max-video-preview":"max-video-preview:-1"},"canonical":"https:\/\/serbia.com\/srpski\/posetite-srbiju\/gradovi\/valjevo-grad-sa-dve-carsije\/","og_locale":"en_US","og_type":"article","og_title":"Valjevo, grad sa dve \u010dar\u0161ije - Serbia.com","og_description":"\u017divot Valjeva od davnina buja u dve \u010dar\u0161ije od kojih jedna \u010duva duh orijenta, a druga stil Evrope 19. veka, dok njihov autenti\u010dni izgled slu\u017ei kao ambijent za mnoga kulturna [&hellip;]","og_url":"https:\/\/serbia.com\/srpski\/posetite-srbiju\/gradovi\/valjevo-grad-sa-dve-carsije\/","og_site_name":"Serbia.com","article_modified_time":"2025-10-08T13:41:45+00:00","og_image":[{"width":1366,"height":768,"url":"https:\/\/serbia.com\/wp-content\/uploads\/2025\/10\/eastern-serbia-7-1.jpg","type":"image\/jpeg"}],"twitter_misc":{"Est. reading time":"4 minutes"},"schema":{"@context":"https:\/\/schema.org","@graph":[{"@type":"WebPage","@id":"https:\/\/serbia.com\/srpski\/posetite-srbiju\/gradovi\/valjevo-grad-sa-dve-carsije\/","url":"https:\/\/serbia.com\/srpski\/posetite-srbiju\/gradovi\/valjevo-grad-sa-dve-carsije\/","name":"Valjevo, grad sa dve \u010dar\u0161ije - Serbia.com","isPartOf":{"@id":"https:\/\/serbia.com\/#website"},"primaryImageOfPage":{"@id":"https:\/\/serbia.com\/srpski\/posetite-srbiju\/gradovi\/valjevo-grad-sa-dve-carsije\/#primaryimage"},"image":{"@id":"https:\/\/serbia.com\/srpski\/posetite-srbiju\/gradovi\/valjevo-grad-sa-dve-carsije\/#primaryimage"},"thumbnailUrl":"https:\/\/serbia.com\/wp-content\/uploads\/2025\/10\/eastern-serbia-7-1.jpg","datePublished":"2015-05-06T12:01:52+00:00","dateModified":"2025-10-08T13:41:45+00:00","breadcrumb":{"@id":"https:\/\/serbia.com\/srpski\/posetite-srbiju\/gradovi\/valjevo-grad-sa-dve-carsije\/#breadcrumb"},"inLanguage":"srpski","potentialAction":[{"@type":"ReadAction","target":["https:\/\/serbia.com\/srpski\/posetite-srbiju\/gradovi\/valjevo-grad-sa-dve-carsije\/"]}]},{"@type":"ImageObject","inLanguage":"srpski","@id":"https:\/\/serbia.com\/srpski\/posetite-srbiju\/gradovi\/valjevo-grad-sa-dve-carsije\/#primaryimage","url":"https:\/\/serbia.com\/wp-content\/uploads\/2025\/10\/eastern-serbia-7-1.jpg","contentUrl":"https:\/\/serbia.com\/wp-content\/uploads\/2025\/10\/eastern-serbia-7-1.jpg","width":1366,"height":768},{"@type":"BreadcrumbList","@id":"https:\/\/serbia.com\/srpski\/posetite-srbiju\/gradovi\/valjevo-grad-sa-dve-carsije\/#breadcrumb","itemListElement":[{"@type":"ListItem","position":1,"name":"Home","item":"https:\/\/serbia.com\/srpski\/"},{"@type":"ListItem","position":2,"name":"Poseti Srbiju","item":"https:\/\/serbia.com\/srpski\/posetite-srbiju\/"},{"@type":"ListItem","position":3,"name":"Gradovi","item":"https:\/\/serbia.com\/srpski\/posetite-srbiju\/gradovi\/"},{"@type":"ListItem","position":4,"name":"Valjevo, grad sa dve \u010dar\u0161ije"}]},{"@type":"WebSite","@id":"https:\/\/serbia.com\/#website","url":"https:\/\/serbia.com\/","name":"Serbia.com","description":"Your Gateway to Serbia","potentialAction":[{"@type":"SearchAction","target":{"@type":"EntryPoint","urlTemplate":"https:\/\/serbia.com\/?s={search_term_string}"},"query-input":{"@type":"PropertyValueSpecification","valueRequired":true,"valueName":"search_term_string"}}],"inLanguage":"srpski"}]}},"brizy_media":[],"_links":{"self":[{"href":"https:\/\/serbia.com\/srpski\/wp-json\/wp\/v2\/pages\/31539","targetHints":{"allow":["GET"]}}],"collection":[{"href":"https:\/\/serbia.com\/srpski\/wp-json\/wp\/v2\/pages"}],"about":[{"href":"https:\/\/serbia.com\/srpski\/wp-json\/wp\/v2\/types\/page"}],"author":[{"embeddable":true,"href":"https:\/\/serbia.com\/srpski\/wp-json\/wp\/v2\/users\/27"}],"replies":[{"embeddable":true,"href":"https:\/\/serbia.com\/srpski\/wp-json\/wp\/v2\/comments?post=31539"}],"version-history":[{"count":2,"href":"https:\/\/serbia.com\/srpski\/wp-json\/wp\/v2\/pages\/31539\/revisions"}],"predecessor-version":[{"id":62899,"href":"https:\/\/serbia.com\/srpski\/wp-json\/wp\/v2\/pages\/31539\/revisions\/62899"}],"up":[{"embeddable":true,"href":"https:\/\/serbia.com\/srpski\/wp-json\/wp\/v2\/pages\/20433"}],"wp:featuredmedia":[{"embeddable":true,"href":"https:\/\/serbia.com\/srpski\/wp-json\/wp\/v2\/media\/62767"}],"wp:attachment":[{"href":"https:\/\/serbia.com\/srpski\/wp-json\/wp\/v2\/media?parent=31539"}],"wp:term":[{"taxonomy":"category","embeddable":true,"href":"https:\/\/serbia.com\/srpski\/wp-json\/wp\/v2\/categories?post=31539"},{"taxonomy":"post_tag","embeddable":true,"href":"https:\/\/serbia.com\/srpski\/wp-json\/wp\/v2\/tags?post=31539"}],"curies":[{"name":"wp","href":"https:\/\/api.w.org\/{rel}","templated":true}]}}